{"id":3721,"date":"2026-02-24T21:59:50","date_gmt":"2026-02-24T21:59:50","guid":{"rendered":"https:\/\/estadimallorcasonmoix.es\/condicions-generals-de-compra\/"},"modified":"2026-03-09T08:31:35","modified_gmt":"2026-03-09T08:31:35","slug":"condicions-generals-de-compra","status":"publish","type":"page","link":"https:\/\/estadimallorcasonmoix.es\/ca\/condicions-generals-de-compra\/","title":{"rendered":"Condicions Generals de Compra"},"content":{"rendered":"\t\t<div data-elementor-type=\"wp-page\" data-elementor-id=\"3721\" class=\"elementor elementor-3721 elementor-3715\" data-elementor-post-type=\"page\">\n\t\t\t\t<div class=\"elementor-element elementor-element-7c7cce5 e-flex e-con-boxed e-con e-parent\" data-id=\"7c7cce5\" data-element_type=\"container\" data-e-type=\"container\">\n\t\t\t\t\t<div class=\"e-con-inner\">\n\t\t\t\t<div class=\"elementor-element elementor-element-d4da1eb elementor-widget elementor-widget-text-editor\" data-id=\"d4da1eb\" data-element_type=\"widget\" data-e-type=\"widget\" data-widget_type=\"text-editor.default\">\n\t\t\t\t<div class=\"elementor-widget-container\">\n\t\t\t\t\t\t\t\t\t<p class=\"p1\"><b>Condicions Generals de Compra: entrades per a Kilian Jornet \u2013 El que ens mou<\/b><\/p><p class=\"p2\">El Lloc Web ofereix el servei de compra on-line d&#8217;entrades, fet que suposa un servei 24h, senzill, directe i disponible des de qualsevol lloc a trav\u00e9s d&#8217;una connexi\u00f3 a Internet.<\/p><p class=\"p3\">1. Generalitats<\/p><p class=\"p3\">Tots els preus s\u00f3n a Euros i de conformitat amb la normativa vigent, tota compra efectuada a trav\u00e9s del Lloc Web estar\u00e0 subjecta a l&#8217;Impost sobre el Valor Afegit (IVA), i aquest import es troba incl\u00f2s al preu.<\/p><p class=\"p4\">El Titular es reserva el dret a rebutjar la compra realitzada per qualsevol Usuari amb qu\u00e8 tingui un litigi o hagin existit problemes en el pagament de compres anteriors.<\/p><p class=\"p4\">El preu de cada entrada \u00e9s de 5 euros (IVA incl\u00f2s).<\/p><p class=\"p4\">De l&#8217;import abonat per cada entrada:<\/p><ul class=\"ul1\"><li class=\"li4\">2 euros seran destinats a la Fundaci\u00f3 Reial Mallorca.<\/li><li class=\"li4\">2 euros seran destinats a la Fundaci\u00f3 Kilian Jornet.<\/li><\/ul><p class=\"p4\">L&#8217;import restant correspon a costos d&#8217;organitzaci\u00f3 i de gesti\u00f3 de l&#8217;esdeveniment.<\/p><p class=\"p4\">El preu final de l&#8217;entrada, descomptat l&#8217;IVA aplicable, puja a 4,13 euros.<\/p><p class=\"p2\">L&#8217;adquisici\u00f3 de l&#8217;entrada implica l&#8217;acceptaci\u00f3 expressa de l&#8217;aportaci\u00f3 econ\u00f2mica esmentada associada a l&#8217;esdeveniment, la qual forma part inseparable del preu de l&#8217;entrada.<\/p><p class=\"p2\">2. Obligacions dels Usuaris<\/p><p class=\"p2\">Tot Usuari que realitza una compra a trav\u00e9s d&#8217;aquest Lloc Web es declara major d&#8217;edat i si \u00e9s el cas amb plena capacitat per utilitzar mitjans de pagament i que aquests tenen fons suficients per cobrir tots els costos que resulten de la compra de productes, l&#8217;Usuari tamb\u00e9 declara acceptar plenament i sense reserves la totalitat de condicions del present Av\u00eds Legal.<\/p><p class=\"p2\">Cada Usuari \u00fanicament podr\u00e0 fer una compra de m\u00e0xim 4 entrades per a l&#8217;esdeveniment.<\/p><p class=\"p2\">3. Modalitats de pagament i Seguretat<\/p><p class=\"p5\">En compliment del Reglament Delegat (UE) 2018\/389 de la Comissi\u00f3, de 27 de novembre de 2017, pel qual es complementa la Directiva (UE) 2015\/2366 del Parlament Europeu i del Consell, de 25 de novembre de 2015, sobre serveis de pagament al mercat interior, l&#8217;Usuari que real refor\u00e7ada. Depenent del mitj\u00e0 de pagament elegit i del valor econ\u00f2mic, amb les excepcions contemplades a la Directiva, l&#8217;Usuari haur\u00e0 de proporcionar un segon factor d&#8217;identificaci\u00f3 abans de fer una comanda, com, per exemple, un codi PIN que l&#8217;Usuari rebr\u00e0 al tel\u00e8fon m\u00f2bil i que haur\u00e0 d&#8217;introduir per validar la seva compra. <\/p><p class=\"p3\">D&#8217;acord amb la directiva PSD2, l&#8217;autenticaci\u00f3 refor\u00e7ada existeix quan s&#8217;utilitzen almenys dos dels elements seg\u00fcents per a l&#8217;autenticaci\u00f3:<\/p><ul class=\"ul1\"><li class=\"li5\">Coneixement (cosa que nom\u00e9s l&#8217;usuari coneix, per exemple, contrasenya, codi PIN, dades d&#8217;acc\u00e9s, etc.).<\/li><li class=\"li5\">Possessi\u00f3 (cosa que nom\u00e9s l&#8217;Usuari t\u00e9, per exemple, un m\u00f2bil on arriba un SMS per verificar l&#8217;operaci\u00f3, l&#8217;adre\u00e7a de correu electr\u00f2nic, etc.).<\/li><li class=\"li5\">Inher\u00e8ncia (cosa que l&#8217;usuari \u00e9s, per exemple, la possibilitat de verificaci\u00f3 biom\u00e8trica, ja sigui per empremta dactilar, reconeixement facial, etc.).<\/li><\/ul><p class=\"p3\">Aquests elements s\u00f3n independents entre si. \u00c9s a dir, que la vulneraci\u00f3 no comprometi la fiabilitat dels altres, i que sempre es protegeixi la confidencialitat de les dades d&#8217;identificaci\u00f3. <\/p><p class=\"p4\">Per a la comoditat de l&#8217;Usuari, facilitem la manera seg\u00fcent per fer el pagament:<\/p><p class=\"p4\"><i>Targeta de cr\u00e8dit.<\/i><\/p><p class=\"p4\">&#8211; Aquesta forma de pagament \u00e9s immediata, totalment segura i verificada pels servidors segurs de Redsys a la passarel\u00b7la de pagament. En cap cas no es revelaran les dades de la targeta de cr\u00e8dit. <\/p><p class=\"p4\">&#8211; Les targetes acceptades s\u00f3n: Visa, 4B, JCB, American Express, Mestre i Master Card.<\/p><p class=\"p4\">&#8211; \u00danicament seran acceptades targetes de cr\u00e8dit securitzades per evitar qualsevol possible risc o frau. Les targetes securitzades porten associades unes claus de seguretat i, en finalitzar el pagament, es transfereix a la passarel\u00b7la de pagament de l&#8217;entitat banc\u00e0ria, on s&#8217;han d&#8217;introduir aquestes claus. Si no disposeu d&#8217;una targeta securitzada per a pagaments en l\u00ednia, l&#8217;entitat banc\u00e0ria ha de facilitar la informaci\u00f3 i les claus necess\u00e0ries.  <\/p><p class=\"p2\">Sobre qualsevol consulta de les formes de pagament agra\u00efm a lusuari que es posi en contacte amb el servei datenci\u00f3 al Usuari.<\/p><p class=\"p2\">4. Dret al desistiment<\/p><p class=\"p2\">En compliment de la Llei 3\/2014, del 27 de mar\u00e7, per la qual es modifica el text ref\u00f3s de la Llei General per a la Defensa dels Consumidors i Usuaris i altres lleis complement\u00e0ries, aprovat pel Reial Decret Legislatiu 1\/2007, del 16 de novembre, s&#8217;informa sobre el dret al desistiment de l&#8217;Usuari.<\/p><p class=\"p2\">4.1 Quan l&#8217;Usuari sigui un consumidor i el contracte se subscrigui sense la pres\u00e8ncia f\u00edsica simult\u00e0nia de l&#8217;Usuari i del Titular (venda a dist\u00e0ncia), l&#8217;Usuari gaudir\u00e0 del dret de desistiment descrit en aquesta secci\u00f3, amb les excepcions previstes a l&#8217;article 103.<\/p><p class=\"p2\">4.2 Informaci\u00f3 al consumidor i usuari sobre el dret de desistiment.<\/p><p class=\"p2\">a) L&#8217;Usuari t\u00e9 dret a desistir del present contracte en un termini de 14 dies naturals sense necessitat de justificaci\u00f3.<\/p><p class=\"p2\">b) El termini de desistiment expirar\u00e0 als 14 dies naturals des del dia de la subscripci\u00f3 del contracte.<\/p><p class=\"p2\">c) Per exercir el dret desistiment, l&#8217;Usuari ens haur\u00e0 de notificar la seva decisi\u00f3 de desistir del contracte a trav\u00e9s d&#8217;una declaraci\u00f3 inequ\u00edvoca (per exemple: una carta enviada per correu postal o correu electr\u00f2nic) Podr\u00e0 utilitzar el model de formulari de desistiment que figura a continuaci\u00f3, encara que el seu \u00fas no \u00e9s obligatori.<\/p><p class=\"p2\">d) Per complir el termini de desistiment, n&#8217;hi ha prou que la comunicaci\u00f3 relativa a l&#8217;exercici per part seva d&#8217;aquest dret sigui enviada abans que venci el termini corresponent.<\/p><p class=\"p2\">e) En el cas de desistiment per part de l&#8217;Usuari, el Titular procedir\u00e0 a la devoluci\u00f3 de tots els pagaments rebuts sense cap demora indeguda i, en tot cas, com a molt tard 14 dies naturals a partir de la data en qu\u00e8 se&#8217;ns informi la decisi\u00f3 de desistir del present contracte.<\/p><p class=\"p7\">&#8211; &#8211; &#8211; &#8211; &#8211; &#8211; &#8211; &#8211; &#8211; &#8211; &#8211; &#8211; &#8211; &#8211; &#8211; &#8211; &#8211; &#8211; &#8211; &#8211; &#8211; &#8211; &#8211; &#8211; &#8211; &#8211; &#8211;<\/p><p class=\"p7\">MODEL DE FORMULARI:<\/p><p class=\"p7\">&#8211; A latenci\u00f3 del Titular: Reial Club Esportiu Mallorca S.A.D.; C\/ Cam\u00ed dels Reis s\/n. 07011. Palma de Mallorca, Illes Balears; <span class=\"s1\"><a href=\"mailto:businessclub@rcdmallorca.es\">businessclub@rcdmallorca.es<\/a><\/span> <\/p><p class=\"p7\">&#8211; Per la present us comunic que desisteixo del contracte de prestaci\u00f3 del seg\u00fcent servei: ____<\/p><p class=\"p7\">&#8211; Comanda el:<\/p><p class=\"p7\">&#8211; Nom de l&#8217;Usuari:<\/p><p class=\"p7\">&#8211; Domicili de l&#8217;Usuari:<\/p><p class=\"p7\">&#8211; Signatura (nom\u00e9s si el present formulari es presenta en paper):<\/p><p class=\"p7\">&#8211; Data:<\/p><p class=\"p7\">&#8211; &#8211; &#8211; &#8211; &#8211; &#8211; &#8211; &#8211; &#8211; &#8211; &#8211; &#8211; &#8211; &#8211; &#8211; &#8211; &#8211; &#8211; &#8211; &#8211; &#8211; &#8211; &#8211; &#8211; &#8211; &#8211; &#8211;<\/p><p class=\"p7\">4.3 L&#8217;Usuari podr\u00e0 adre\u00e7ar l&#8217;anterior formulari a les adreces seg\u00fcents:<\/p><p class=\"p7\">Correu postal: C\/ Cam\u00ed dels Reis s\/n. 07011. Palma de Mallorca, Illes Balears <\/p><p class=\"p8\"><span class=\"s2\">Correu electr\u00f2nic: <a href=\"mailto:events@rcdmallorca.es\">businessclub@rcdmallorca.es<\/a> <\/span><\/p><p class=\"p2\">4.4 Segons la Llei 3\/2014, de 27 de mar\u00e7, per la qual es modifica el text ref\u00f3s de la Llei General per a la Defensa dels Consumidors i Usuaris i altres lleis complement\u00e0ries, aprovat pel Reial Decret Legislatiu 1\/2007, de 16 de novembre, a l&#8217;art. 103, el dret de desistiment no ser\u00e0 aplicable als contractes que es refereixin a (entre altres):<\/p><p class=\"p2\">l) El subministrament de serveis d&#8217;allotjament per a fins diferents del de servir d&#8217;habitatge, transport de b\u00e9ns, lloguer de vehicles, menjar o serveis relacionats amb activitats d&#8217;esbarjo, si els contractes preveuen una data o un per\u00edode d&#8217;execuci\u00f3 espec\u00edfics.<\/p><p class=\"p2\">En relaci\u00f3 amb aquest apartat, amb la comanda de l&#8217;Usuari, aquest d\u00f3na el previ consentiment expr\u00e9s, amb el coneixement i l&#8217;acceptaci\u00f3 per part de l&#8217;excepci\u00f3 aqu\u00ed recollida, i en conseq\u00fc\u00e8ncia en aquest cas, perd el dret de desistiment.<\/p><p class=\"p9\"><span class=\"s3\">5. Protecci\u00f3 de Dades<\/span><\/p><p class=\"p9\"><span class=\"s3\">En compliment de l&#8217;actual normativa en mat\u00e8ria de Protecci\u00f3 de Dades de Car\u00e0cter Personal, se us informa i en acceptar les presents Condicions de Compra vost\u00e8 presta el seu consentiment perqu\u00e8 les seves dades, siguin tractades mentre que no comuniqui el contrari i almenys mentre hi hagi obligaci\u00f3 legal, per Real Club Deportivo Mallorca S.A.D. i per la Fundaci\u00f3 Reial Mallorca, amb la finalitat de gestionar la compra de la vostra entrada a l&#8217;esdeveniment. Les dades facilitades s\u00f3n necess\u00e0ries per a la finalitat perseguida. Les bases leg\u00edtimes del tractament s\u00f3n el consentiment de linteressat i lexecuci\u00f3 dun contracte en qu\u00e8 linteressat \u00e9s part. Les dades podran ser tractades mentre duri la relaci\u00f3 contractual, i posteriorment es podran continuar conservant per donar compliment a qualsevol obligaci\u00f3 legal aplicable i per fer front a eventuals reclamacions fins al termini m\u00e0xim de prescripci\u00f3 de les accions que es puguin derivar d&#8217;aquesta relaci\u00f3. Transcorreguts els terminis de prescripci\u00f3, les dades personals seran esborrades.    <\/span><\/p><p class=\"p9\"><span class=\"s3\">Aix\u00ed mateix, en cas que vost\u00e8 presti el seu consentiment expr\u00e9s mitjan\u00e7ant la casella corresponent habilitada a aquest efecte, les seves dades identificatives i de contacte seran comunicades a la Fundaci\u00f3 Reial Mallorca, a la Fundaci\u00f3 Kilian Jornet ia The Normal Company SL, amb la finalitat que aquestes entitats puguin remetre informaci\u00f3 comercial. La base jur\u00eddica d&#8217;aquesta comunicaci\u00f3 \u00e9s el consentiment de l&#8217;interessat, i es pot retirar en qualsevol moment sense que aix\u00f2 afecti la licitud del tractament basat en el consentiment previ a la seva retirada. <\/span><\/p><p class=\"p11\"><span class=\"s3\">Podr\u00e0 exercitar els seus drets d&#8217;acc\u00e9s, rectificaci\u00f3, supressi\u00f3, oposici\u00f3, limitaci\u00f3 del tractament, portabilitat de dades ia no ser objecte de decisions individualitzades automatitzades (inclosa l&#8217;elaboraci\u00f3 de perfils), enviant sol\u00b7licitud amb assumpte \u201cProtecci\u00f3 de Dades\u201d, davant del Reial Club Esportiu Mallorca S.A.D. i\/o davant la Fundaci\u00f3 Reial Mallorca, a l&#8217;adre\u00e7a: Cami dels Reis s\/n. 07011. Palmell de Mallorca. Illes Balears, o per email davant Reial Club Esportiu Mallorca S.A.D. a l&#8217;adre\u00e7a <a href=\"mailto:datos@rcdmallorca.es\">dades@rcdmallorca.es<\/a> i\/o davant de Fundaci\u00f3 Reial Mallorca a l&#8217;adre\u00e7a <a href=\"mailto:juguestu@fundacioreialmallorca.org\">juguestu@fundacioreialmallorca.org<\/a>, des del mateix compte que ens va facilitar, indicant en tot cas, les dades de contacte. Si considereu que els vostres drets han estat vulnerats, podeu contactar amb el Delegat de Protecci\u00f3 de Dades de Reial Club Esportiu Mallorca S.A.D.: Grup Datcon Sur S.L.U. <a href=\"mailto:ejercicioderechos@grupodatcon.com\">ejerciciodrets@grupodatcon.com<\/a>, c\/ Dr. Duarte Acosta 7, 11500, El Port de Santa Maria, Cadis. Igualment, podr\u00e0 exercitar els seus drets davant de la Fundaci\u00f3 Kilian Jornet a la direcci\u00f3: C\/ Terra Negra 2, Baixos. 25725 Montell\u00e0 de Cad\u00ed, o per email a l&#8217;adre\u00e7a     <span class=\"Apple-converted-space\">  <\/span><a href=\"mailto:info@kilianjornetfoundation.org\"><span class=\"s5\">info@kilianjornetfoundation.org<\/span><\/a><\/span><span class=\"s6\">,  <\/span><span class=\"s3\">indicant en tot cas, les dades de contacte. Igualment, podr\u00e0 exercitar els seus drets davant de The Normal Company SL a l&#8217;adre\u00e7a: C\/ Quartel 91, 07300, Inca, Mallorca o per email a l&#8217;adre\u00e7a <span class=\"Apple-converted-space\">  <\/span>customercare@nnormal.com<\/span><span class=\"s6\">,  <\/span><span class=\"s3\">indicant en tot cas, les dades de contacte. Si considereu que els vostres drets s&#8217;han vist vulnerats tamb\u00e9 podeu presentar una reclamaci\u00f3 davant l&#8217;Ag\u00e8ncia Espanyola de Protecci\u00f3 de Dades (<a href=\"http:\/\/www.aepd.es\/\">www.aepd.es<\/a>). <\/span><\/p><p class=\"p2\">6. Ajornaments i cancel\u00b7laci\u00f3 de l&#8217;esdeveniment<\/p><p class=\"p2\">En cas d&#8217;ajornament de l&#8217;esdeveniment i canvi de data o horari d&#8217;aquest i un cop adquirida l&#8217;entrada per l&#8217;Usuari, el Titular utilitzar\u00e0 tots els mitjans que estiguin raonablement a l&#8217;abast per comunicar aquest fet als Usuaris. En aquest sentit el Titular es compromet a: Publicar i comunicar el canvi al Lloc Web i xarxes socials corporatives tan aviat se&#8217;n tingui coneixement a l&#8217;efecte de mantenir degudament informats els Usuaris. <i><\/i><\/p><p class=\"p2\">En cas d&#8217;ajornament de l&#8217;esdeveniment o canvi de data o horari, s&#8217;oferir\u00e0 a l&#8217;Usuari la possibilitat de conservar l&#8217;entrada. En cas de no poder assistir a la nova data assignada, se li oferir\u00e0 la devoluci\u00f3 del preu de venda. En aquest cas, l&#8217;Usuari haur\u00e0 d&#8217;informar el Titular dins el termini de deu dies naturals des de la indicaci\u00f3 a la web de la suspensi\u00f3 de l&#8217;esdeveniment. Si l&#8217;usuari no exerceix aquest dret dins del termini estipulat, el titular estar\u00e0 habilitat per confirmar la reserva de l&#8217;entrada per a la nova data de l&#8217;esdeveniment i l&#8217;usuari no tindr\u00e0 dret a la devoluci\u00f3 de l&#8217;import.   <\/p><p class=\"p2\">Aix\u00f2 tamb\u00e9 s&#8217;aplicar\u00e0 en cas d&#8217;haver adquirit l&#8217;entrada de l&#8217;esdeveniment quan la data o horari encara no estigui definida i nom\u00e9s s&#8217;indicar\u00e0 el rang m\u00e9s probable.<\/p><p class=\"p2\">En cas de cancel\u00b7laci\u00f3 de l&#8217;esdeveniment per causa de for\u00e7a major, no es retornar\u00e0 l&#8217;import de l&#8217;entrada. Tampoc si se sol\u00b7licita un cop iniciat l&#8217;esdeveniment. <\/p><p class=\"p2\">En els casos en qu\u00e8 sigui possible la devoluci\u00f3 de l&#8217;import, el Titular el reemborsar\u00e0 en un termini m\u00e0xim de 15 dies des de l&#8217;anunci del canvi en la forma especificada per l&#8217;entitat i sempre que es presenti el justificant de compra de l&#8217;entrada.<\/p><p class=\"p2\">El Titular no reemborsar\u00e0 qualsevol altra despesa o cost realitzada per l&#8217;Usuari que estigui relacionada amb l&#8217;esdeveniment entre d&#8217;altres les despeses de gesti\u00f3 per despla\u00e7ament allotjament o dietes.<\/p><p class=\"p2\">7. Disponibilitat<\/p><p class=\"p2\">El Titular es compromet a no posar a disposici\u00f3 dels Usuaris una entrada que no estigui disponible excepte error inform\u00e0tic o qualsevol altra situaci\u00f3 imponderable. En cas que es pogu\u00e9s donar aquesta desafortunada incid\u00e8ncia el Titular es compromet a informar l&#8217;Usuari i arribar a un acord satisfactori amb aquest. <\/p><p class=\"p2\">8. Atenci\u00f3 a l&#8217;Usuari<\/p><p class=\"p2\">L&#8217;Usuari disposar\u00e0 d&#8217;un servei d&#8217;Atenci\u00f3 a l&#8217;Usuari, per a aix\u00f2 podr\u00e0 enviar un correu electr\u00f2nic a <a href=\"mailto:businessclub@rcdmallorca.es\">businessclub@rcdmallorca.es<\/a> o podr\u00e0 fer servir el tel\u00e8fon 971 22 12 21 en horari comercial i es rebr\u00e0 resposta com m\u00e9s aviat millor, i en tot cas en el termini m\u00e0xim que determini la legislaci\u00f3 aplicable. <\/p><p class=\"p2\">9. Resoluci\u00f3 de litigis<\/p><p class=\"p2\">Si sorgeix alguna disputa entre el consumidor i el venedor, podr\u00e0 optar per mecanismes de resoluci\u00f3 alternativa de conflictes d&#8217;acord amb la legislaci\u00f3 nacional.<\/p><p class=\"p2\">A Espanya, podeu presentar la vostra reclamaci\u00f3 al Sistema Arbitral de Consum, el qual \u00e9s gratu\u00eft i voluntari.<\/p><p class=\"p2\">A la Uni\u00f3 Europea, podeu sol\u00b7licitar assessorament i assist\u00e8ncia gratu\u00efta en mat\u00e8ria de reclamacions transfrontereres a la <a href=\"https:\/\/commission.europa.eu\/live-work-travel-eu\/consumer-rights-and-complaints\/resolve-your-consumer-complaint\/european-consumer-centres-network-ecc-net_es\">Xarxa de Centres Europeus del Consumidor (ECC-Net).<\/a><\/p>\t\t\t\t\t\t\t\t<\/div>\n\t\t\t\t<\/div>\n\t\t\t\t\t<\/div>\n\t\t\t\t<\/div>\n\t\t\t\t<\/div>\n\t\t","protected":false},"excerpt":{"rendered":"<p>Condicions Generals de Compra: entrades per a Kilian Jornet \u2013 El que ens mou El Lloc Web ofereix el servei de compra on-line d&#8217;entrades, fet que suposa un servei 24h, senzill, directe i disponible des de qualsevol lloc a trav\u00e9s d&#8217;una connexi\u00f3 a Internet. 1. Generalitats Tots els preus s\u00f3n a Euros i de conformitat [&hellip;]<\/p>\n","protected":false},"author":1,"featured_media":0,"parent":0,"menu_order":0,"comment_status":"closed","ping_status":"closed","template":"elementor_header_footer","meta":{"footnotes":""},"class_list":["post-3721","page","type-page","status-publish","hentry"],"yoast_head":"<!-- This site is optimized with the Yoast SEO Premium plugin v23.6 (Yoast SEO v27.4) - https:\/\/yoast.com\/product\/yoast-seo-premium-wordpress\/ -->\n<title>Condicions Generals de Compra | estadimallorcasonmoix.es<\/title>\n<meta name=\"description\" content=\"P\u00e1gina Oficial del Estadi Mallorca Son Moix\" \/>\n<meta name=\"robots\" content=\"index, follow, max-snippet:-1, max-image-preview:large, max-video-preview:-1\" \/>\n<link rel=\"canonical\" href=\"https:\/\/estadimallorcasonmoix.es\/ca\/condicions-generals-de-compra\/\" \/>\n<meta property=\"og:locale\" content=\"ca_ES\" \/>\n<meta property=\"og:type\" content=\"article\" \/>\n<meta property=\"og:title\" content=\"Condicions Generals de Compra\" \/>\n<meta property=\"og:description\" content=\"P\u00e1gina Oficial del Estadi Mallorca Son Moix\" \/>\n<meta property=\"og:url\" content=\"https:\/\/estadimallorcasonmoix.es\/ca\/condicions-generals-de-compra\/\" \/>\n<meta property=\"og:site_name\" content=\"estadimallorcasonmoix.es\" \/>\n<meta property=\"article:modified_time\" content=\"2026-03-09T08:31:35+00:00\" \/>\n<meta property=\"og:image\" content=\"https:\/\/estadimallorcasonmoix.es\/wp-content\/uploads\/2024\/11\/OG.png\" \/>\n\t<meta property=\"og:image:width\" content=\"1200\" \/>\n\t<meta property=\"og:image:height\" content=\"675\" \/>\n\t<meta property=\"og:image:type\" content=\"image\/png\" \/>\n<meta name=\"twitter:card\" content=\"summary_large_image\" \/>\n<meta name=\"twitter:label1\" content=\"Temps estimat de lectura\" \/>\n\t<meta name=\"twitter:data1\" content=\"11 minuts\" \/>\n<script type=\"application\/ld+json\" class=\"yoast-schema-graph\">{\"@context\":\"https:\\\/\\\/schema.org\",\"@graph\":[{\"@type\":\"WebPage\",\"@id\":\"https:\\\/\\\/estadimallorcasonmoix.es\\\/ca\\\/condicions-generals-de-compra\\\/\",\"url\":\"https:\\\/\\\/estadimallorcasonmoix.es\\\/ca\\\/condicions-generals-de-compra\\\/\",\"name\":\"Condicions Generals de Compra | estadimallorcasonmoix.es\",\"isPartOf\":{\"@id\":\"https:\\\/\\\/estadimallorcasonmoix.es\\\/#website\"},\"datePublished\":\"2026-02-24T21:59:50+00:00\",\"dateModified\":\"2026-03-09T08:31:35+00:00\",\"description\":\"P\u00e1gina Oficial del Estadi Mallorca Son Moix\",\"breadcrumb\":{\"@id\":\"https:\\\/\\\/estadimallorcasonmoix.es\\\/ca\\\/condicions-generals-de-compra\\\/#breadcrumb\"},\"inLanguage\":\"ca\",\"potentialAction\":[{\"@type\":\"ReadAction\",\"target\":[\"https:\\\/\\\/estadimallorcasonmoix.es\\\/ca\\\/condicions-generals-de-compra\\\/\"]}]},{\"@type\":\"BreadcrumbList\",\"@id\":\"https:\\\/\\\/estadimallorcasonmoix.es\\\/ca\\\/condicions-generals-de-compra\\\/#breadcrumb\",\"itemListElement\":[{\"@type\":\"ListItem\",\"position\":1,\"name\":\"Home\",\"item\":\"https:\\\/\\\/estadimallorcasonmoix.es\\\/ca\\\/\"},{\"@type\":\"ListItem\",\"position\":2,\"name\":\"Condicions Generals de Compra\"}]},{\"@type\":\"WebSite\",\"@id\":\"https:\\\/\\\/estadimallorcasonmoix.es\\\/#website\",\"url\":\"https:\\\/\\\/estadimallorcasonmoix.es\\\/\",\"name\":\"estadimallorcasonmoix.es\",\"description\":\"P\u00e0gina Oficial Estadi Mallorca Son Moix\",\"publisher\":{\"@id\":\"https:\\\/\\\/estadimallorcasonmoix.es\\\/#organization\"},\"alternateName\":\"Estadi Mallorca Son Moix\",\"potentialAction\":[{\"@type\":\"SearchAction\",\"target\":{\"@type\":\"EntryPoint\",\"urlTemplate\":\"https:\\\/\\\/estadimallorcasonmoix.es\\\/?s={search_term_string}\"},\"query-input\":{\"@type\":\"PropertyValueSpecification\",\"valueRequired\":true,\"valueName\":\"search_term_string\"}}],\"inLanguage\":\"ca\"},{\"@type\":\"Organization\",\"@id\":\"https:\\\/\\\/estadimallorcasonmoix.es\\\/#organization\",\"name\":\"RCD Mallorca\",\"alternateName\":\"RCD Mallorca\",\"url\":\"https:\\\/\\\/estadimallorcasonmoix.es\\\/\",\"logo\":{\"@type\":\"ImageObject\",\"inLanguage\":\"ca\",\"@id\":\"https:\\\/\\\/estadimallorcasonmoix.es\\\/#\\\/schema\\\/logo\\\/image\\\/\",\"url\":\"https:\\\/\\\/estadimallorcasonmoix.es\\\/wp-content\\\/uploads\\\/2024\\\/10\\\/Logo-Son-Moix.png\",\"contentUrl\":\"https:\\\/\\\/estadimallorcasonmoix.es\\\/wp-content\\\/uploads\\\/2024\\\/10\\\/Logo-Son-Moix.png\",\"width\":490,\"height\":284,\"caption\":\"RCD Mallorca\"},\"image\":{\"@id\":\"https:\\\/\\\/estadimallorcasonmoix.es\\\/#\\\/schema\\\/logo\\\/image\\\/\"}}]}<\/script>\n<!-- \/ Yoast SEO Premium plugin. -->","yoast_head_json":{"title":"Condicions Generals de Compra | estadimallorcasonmoix.es","description":"P\u00e1gina Oficial del Estadi Mallorca Son Moix","robots":{"index":"index","follow":"follow","max-snippet":"max-snippet:-1","max-image-preview":"max-image-preview:large","max-video-preview":"max-video-preview:-1"},"canonical":"https:\/\/estadimallorcasonmoix.es\/ca\/condicions-generals-de-compra\/","og_locale":"ca_ES","og_type":"article","og_title":"Condicions Generals de Compra","og_description":"P\u00e1gina Oficial del Estadi Mallorca Son Moix","og_url":"https:\/\/estadimallorcasonmoix.es\/ca\/condicions-generals-de-compra\/","og_site_name":"estadimallorcasonmoix.es","article_modified_time":"2026-03-09T08:31:35+00:00","og_image":[{"width":1200,"height":675,"url":"https:\/\/estadimallorcasonmoix.es\/wp-content\/uploads\/2024\/11\/OG.png","type":"image\/png"}],"twitter_card":"summary_large_image","twitter_misc":{"Temps estimat de lectura":"11 minuts"},"schema":{"@context":"https:\/\/schema.org","@graph":[{"@type":"WebPage","@id":"https:\/\/estadimallorcasonmoix.es\/ca\/condicions-generals-de-compra\/","url":"https:\/\/estadimallorcasonmoix.es\/ca\/condicions-generals-de-compra\/","name":"Condicions Generals de Compra | estadimallorcasonmoix.es","isPartOf":{"@id":"https:\/\/estadimallorcasonmoix.es\/#website"},"datePublished":"2026-02-24T21:59:50+00:00","dateModified":"2026-03-09T08:31:35+00:00","description":"P\u00e1gina Oficial del Estadi Mallorca Son Moix","breadcrumb":{"@id":"https:\/\/estadimallorcasonmoix.es\/ca\/condicions-generals-de-compra\/#breadcrumb"},"inLanguage":"ca","potentialAction":[{"@type":"ReadAction","target":["https:\/\/estadimallorcasonmoix.es\/ca\/condicions-generals-de-compra\/"]}]},{"@type":"BreadcrumbList","@id":"https:\/\/estadimallorcasonmoix.es\/ca\/condicions-generals-de-compra\/#breadcrumb","itemListElement":[{"@type":"ListItem","position":1,"name":"Home","item":"https:\/\/estadimallorcasonmoix.es\/ca\/"},{"@type":"ListItem","position":2,"name":"Condicions Generals de Compra"}]},{"@type":"WebSite","@id":"https:\/\/estadimallorcasonmoix.es\/#website","url":"https:\/\/estadimallorcasonmoix.es\/","name":"estadimallorcasonmoix.es","description":"P\u00e0gina Oficial Estadi Mallorca Son Moix","publisher":{"@id":"https:\/\/estadimallorcasonmoix.es\/#organization"},"alternateName":"Estadi Mallorca Son Moix","potentialAction":[{"@type":"SearchAction","target":{"@type":"EntryPoint","urlTemplate":"https:\/\/estadimallorcasonmoix.es\/?s={search_term_string}"},"query-input":{"@type":"PropertyValueSpecification","valueRequired":true,"valueName":"search_term_string"}}],"inLanguage":"ca"},{"@type":"Organization","@id":"https:\/\/estadimallorcasonmoix.es\/#organization","name":"RCD Mallorca","alternateName":"RCD Mallorca","url":"https:\/\/estadimallorcasonmoix.es\/","logo":{"@type":"ImageObject","inLanguage":"ca","@id":"https:\/\/estadimallorcasonmoix.es\/#\/schema\/logo\/image\/","url":"https:\/\/estadimallorcasonmoix.es\/wp-content\/uploads\/2024\/10\/Logo-Son-Moix.png","contentUrl":"https:\/\/estadimallorcasonmoix.es\/wp-content\/uploads\/2024\/10\/Logo-Son-Moix.png","width":490,"height":284,"caption":"RCD Mallorca"},"image":{"@id":"https:\/\/estadimallorcasonmoix.es\/#\/schema\/logo\/image\/"}}]}},"_links":{"self":[{"href":"https:\/\/estadimallorcasonmoix.es\/ca\/wp-json\/wp\/v2\/pages\/3721","targetHints":{"allow":["GET"]}}],"collection":[{"href":"https:\/\/estadimallorcasonmoix.es\/ca\/wp-json\/wp\/v2\/pages"}],"about":[{"href":"https:\/\/estadimallorcasonmoix.es\/ca\/wp-json\/wp\/v2\/types\/page"}],"author":[{"embeddable":true,"href":"https:\/\/estadimallorcasonmoix.es\/ca\/wp-json\/wp\/v2\/users\/1"}],"replies":[{"embeddable":true,"href":"https:\/\/estadimallorcasonmoix.es\/ca\/wp-json\/wp\/v2\/comments?post=3721"}],"version-history":[{"count":1,"href":"https:\/\/estadimallorcasonmoix.es\/ca\/wp-json\/wp\/v2\/pages\/3721\/revisions"}],"predecessor-version":[{"id":3722,"href":"https:\/\/estadimallorcasonmoix.es\/ca\/wp-json\/wp\/v2\/pages\/3721\/revisions\/3722"}],"wp:attachment":[{"href":"https:\/\/estadimallorcasonmoix.es\/ca\/wp-json\/wp\/v2\/media?parent=3721"}],"curies":[{"name":"wp","href":"https:\/\/api.w.org\/{rel}","templated":true}]}}