{"id":1329,"date":"2024-11-07T10:37:43","date_gmt":"2024-11-07T10:37:43","guid":{"rendered":"https:\/\/estadimallorcasonmoix.es\/contacte\/"},"modified":"2024-11-22T11:13:51","modified_gmt":"2024-11-22T11:13:51","slug":"contacte","status":"publish","type":"page","link":"https:\/\/estadimallorcasonmoix.es\/ca\/contacte\/","title":{"rendered":"CONTACTE"},"content":{"rendered":"\t\t<div data-elementor-type=\"wp-page\" data-elementor-id=\"1329\" class=\"elementor elementor-1329 elementor-811\" data-elementor-post-type=\"page\">\n\t\t\t\t<div class=\"elementor-element elementor-element-4416799 e-flex e-con-boxed e-con e-child\" data-id=\"4416799\" data-element_type=\"container\" data-e-type=\"container\" data-settings=\"{&quot;background_background&quot;:&quot;classic&quot;}\">\n\t\t\t\t\t<div class=\"e-con-inner\">\n\t\t<div class=\"elementor-element elementor-element-f395fff e-con-full e-flex e-con e-child\" data-id=\"f395fff\" data-element_type=\"container\" data-e-type=\"container\">\n\t\t<div class=\"elementor-element elementor-element-51c8bff e-con-full e-flex e-con e-child\" data-id=\"51c8bff\" data-element_type=\"container\" data-e-type=\"container\">\n\t\t<div class=\"elementor-element elementor-element-aa89d74 e-con-full e-flex e-con e-child\" data-id=\"aa89d74\" data-element_type=\"container\" data-e-type=\"container\">\n\t\t\t\t<div class=\"elementor-element elementor-element-db39584 elementor-invisible elementor-widget elementor-widget-heading\" data-id=\"db39584\" data-element_type=\"widget\" data-e-type=\"widget\" data-settings=\"{&quot;_animation&quot;:&quot;fadeInRight&quot;}\" data-widget_type=\"heading.default\">\n\t\t\t\t<div class=\"elementor-widget-container\">\n\t\t\t\t\t<h1 class=\"elementor-heading-title elementor-size-default\">RESERVA EL TEU ESDEVENIMENT<\/h1>\t\t\t\t<\/div>\n\t\t\t\t<\/div>\n\t\t\t\t<div class=\"elementor-element elementor-element-6fc87e3 elementor-widget elementor-widget-text-editor\" data-id=\"6fc87e3\" data-element_type=\"widget\" data-e-type=\"widget\" data-widget_type=\"text-editor.default\">\n\t\t\t\t<div class=\"elementor-widget-container\">\n\t\t\t\t\t\t\t\t\t<p>El Estadi Mallorca S\u00f3n Moix, situat en Cam\u00ed del Reis s\/n, es troba a nom\u00e9s 15 minuts amb cotxe del centre de Palma i de l&#8217;aeroport. \u00c9s accessible en transport p\u00fablic i privat, i compta amb m\u00e9s de 2,500 places de p\u00e0rquing, incloent-hi una \u00e0rea exclusiva per a autobusos, per a facilitar la realitzaci\u00f3 del teu esdeveniment. <\/p>\n<p><strong>\u00b7 +2.500 places de p\u00e0rquing<\/strong><\/p>\n<p><strong>\u00b7 Centre de Palma a 1.4 km<\/strong><\/p>\n<p><strong>\u00b7 Aeroport Palma de Mallorca a 11 km<\/strong><\/p>\n<p><strong>\u00b7 Acces per P9<\/strong><\/p>\n\t\t\t\t\t\t\t\t<\/div>\n\t\t\t\t<\/div>\n\t\t\t\t<\/div>\n\t\t<div class=\"elementor-element elementor-element-e6a6b0a e-con-full e-flex e-con e-child\" data-id=\"e6a6b0a\" data-element_type=\"container\" data-e-type=\"container\">\n\t\t<div class=\"elementor-element elementor-element-e834dcc e-con-full e-flex e-con e-child\" data-id=\"e834dcc\" data-element_type=\"container\" data-e-type=\"container\">\n\t\t\t\t<div class=\"elementor-element elementor-element-dbabafa elementor-invisible elementor-widget elementor-widget-heading\" data-id=\"dbabafa\" data-element_type=\"widget\" data-e-type=\"widget\" data-settings=\"{&quot;_animation&quot;:&quot;fadeInRight&quot;,&quot;_animation_delay&quot;:400}\" data-widget_type=\"heading.default\">\n\t\t\t\t<div class=\"elementor-widget-container\">\n\t\t\t\t\t<h2 class=\"elementor-heading-title elementor-size-default\">Direcci\u00f3<\/h2>\t\t\t\t<\/div>\n\t\t\t\t<\/div>\n\t\t\t\t<div class=\"elementor-element elementor-element-874fe96 elementor-invisible elementor-widget elementor-widget-heading\" data-id=\"874fe96\" data-element_type=\"widget\" data-e-type=\"widget\" data-settings=\"{&quot;_animation&quot;:&quot;fadeInRight&quot;,&quot;_animation_delay&quot;:600}\" data-widget_type=\"heading.default\">\n\t\t\t\t<div class=\"elementor-widget-container\">\n\t\t\t\t\t<span class=\"elementor-heading-title elementor-size-default\"><a href=\"https:\/\/maps.app.goo.gl\/9kqkW1z8cJK31nyh6\" target=\"_blank\">Cam\u00ed dels Reis, s\/n, 07011 Palma, Illes Balears<\/a><\/span>\t\t\t\t<\/div>\n\t\t\t\t<\/div>\n\t\t\t\t<\/div>\n\t\t<div class=\"elementor-element elementor-element-2777b6f e-con-full e-flex e-con e-child\" data-id=\"2777b6f\" data-element_type=\"container\" data-e-type=\"container\">\n\t\t\t\t<div class=\"elementor-element elementor-element-aee3c61 elementor-invisible elementor-widget elementor-widget-heading\" data-id=\"aee3c61\" data-element_type=\"widget\" data-e-type=\"widget\" data-settings=\"{&quot;_animation&quot;:&quot;fadeInRight&quot;,&quot;_animation_delay&quot;:800}\" data-widget_type=\"heading.default\">\n\t\t\t\t<div class=\"elementor-widget-container\">\n\t\t\t\t\t<h2 class=\"elementor-heading-title elementor-size-default\">CONTACTE<\/h2>\t\t\t\t<\/div>\n\t\t\t\t<\/div>\n\t\t\t\t<div class=\"elementor-element elementor-element-737199f elementor-invisible elementor-widget elementor-widget-heading\" data-id=\"737199f\" data-element_type=\"widget\" data-e-type=\"widget\" data-settings=\"{&quot;_animation&quot;:&quot;fadeInRight&quot;,&quot;_animation_delay&quot;:1000}\" data-widget_type=\"heading.default\">\n\t\t\t\t<div class=\"elementor-widget-container\">\n\t\t\t\t\t<span class=\"elementor-heading-title elementor-size-default\"><a href=\"tel:971221221\" target=\"_blank\">971 22 12 21<\/a><\/span>\t\t\t\t<\/div>\n\t\t\t\t<\/div>\n\t\t\t\t<div class=\"elementor-element elementor-element-5f1de90 elementor-invisible elementor-widget elementor-widget-heading\" data-id=\"5f1de90\" data-element_type=\"widget\" data-e-type=\"widget\" data-settings=\"{&quot;_animation&quot;:&quot;fadeInRight&quot;,&quot;_animation_delay&quot;:1200}\" data-widget_type=\"heading.default\">\n\t\t\t\t<div class=\"elementor-widget-container\">\n\t\t\t\t\t<span class=\"elementor-heading-title elementor-size-default\"><a href=\"mailto:events@rcdmallorca.es\" target=\"_blank\">events@rcdmallorca.es<\/a><\/span>\t\t\t\t<\/div>\n\t\t\t\t<\/div>\n\t\t\t\t<\/div>\n\t\t\t\t<\/div>\n\t\t\t\t<\/div>\n\t\t<div class=\"elementor-element elementor-element-2a41343 e-con-full e-flex elementor-invisible e-con e-child\" data-id=\"2a41343\" data-element_type=\"container\" data-e-type=\"container\" data-settings=\"{&quot;background_background&quot;:&quot;classic&quot;,&quot;animation&quot;:&quot;fadeInUp&quot;}\">\n\t\t\t\t<div class=\"elementor-element elementor-element-18cb141 elementor-button-align-end elementor-widget__width-initial elementor-widget elementor-widget-form\" data-id=\"18cb141\" data-element_type=\"widget\" data-e-type=\"widget\" data-settings=\"{&quot;step_next_label&quot;:&quot;Seg\\u00fcent&quot;,&quot;step_previous_label&quot;:&quot;Anterior&quot;,&quot;button_width_mobile&quot;:&quot;100&quot;,&quot;button_width&quot;:&quot;100&quot;,&quot;step_type&quot;:&quot;number_text&quot;,&quot;step_icon_shape&quot;:&quot;circle&quot;}\" data-widget_type=\"form.default\">\n\t\t\t\t<div class=\"elementor-widget-container\">\n\t\t\t\t\t\t\t<form class=\"elementor-form\" method=\"post\" name=\"Formulari de contacte\" aria-label=\"Formulari de contacte\">\n\t\t\t<input type=\"hidden\" name=\"post_id\" value=\"1329\"\/>\n\t\t\t<input type=\"hidden\" name=\"form_id\" value=\"18cb141\"\/>\n\t\t\t<input type=\"hidden\" name=\"referer_title\" value=\"estadimallorcasonmoix.es\" \/>\n\n\t\t\t\n\t\t\t<div class=\"elementor-form-fields-wrapper elementor-labels-above\">\n\t\t\t\t\t\t\t\t<div class=\"elementor-field-type-text elementor-field-group elementor-column elementor-field-group-name elementor-col-50 elementor-field-required\">\n\t\t\t\t\t\t\t\t\t\t\t\t<label for=\"form-field-name\" class=\"elementor-field-label\">\n\t\t\t\t\t\t\t\tNom\t\t\t\t\t\t\t<\/label>\n\t\t\t\t\t\t\t\t\t\t\t\t\t\t<input size=\"1\" type=\"text\" name=\"form_fields[name]\" id=\"form-field-name\" class=\"elementor-field elementor-size-sm  elementor-field-textual\" placeholder=\"Nom\" required=\"required\">\n\t\t\t\t\t\t\t\t\t\t\t<\/div>\n\t\t\t\t\t\t\t\t<div class=\"elementor-field-type-text elementor-field-group elementor-column elementor-field-group-field_8ab0efa elementor-col-50 elementor-field-required\">\n\t\t\t\t\t\t\t\t\t\t\t\t<label for=\"form-field-field_8ab0efa\" class=\"elementor-field-label\">\n\t\t\t\t\t\t\t\tCognoms\t\t\t\t\t\t\t<\/label>\n\t\t\t\t\t\t\t\t\t\t\t\t\t\t<input size=\"1\" type=\"text\" name=\"form_fields[field_8ab0efa]\" id=\"form-field-field_8ab0efa\" class=\"elementor-field elementor-size-sm  elementor-field-textual\" placeholder=\"Cognoms\" required=\"required\">\n\t\t\t\t\t\t\t\t\t\t\t<\/div>\n\t\t\t\t\t\t\t\t<div class=\"elementor-field-type-email elementor-field-group elementor-column elementor-field-group-email elementor-col-50 elementor-field-required\">\n\t\t\t\t\t\t\t\t\t\t\t\t<label for=\"form-field-email\" class=\"elementor-field-label\">\n\t\t\t\t\t\t\t\tEmail\t\t\t\t\t\t\t<\/label>\n\t\t\t\t\t\t\t\t\t\t\t\t\t\t<input size=\"1\" type=\"email\" name=\"form_fields[email]\" id=\"form-field-email\" class=\"elementor-field elementor-size-sm  elementor-field-textual\" placeholder=\"Correu electr\u00f2nic\" required=\"required\">\n\t\t\t\t\t\t\t\t\t\t\t<\/div>\n\t\t\t\t\t\t\t\t<div class=\"elementor-field-type-tel elementor-field-group elementor-column elementor-field-group-field_26f7e9d elementor-col-50\">\n\t\t\t\t\t\t\t\t\t\t\t\t<label for=\"form-field-field_26f7e9d\" class=\"elementor-field-label\">\n\t\t\t\t\t\t\t\tN\u00famero de tel\u00e8fon\t\t\t\t\t\t\t<\/label>\n\t\t\t\t\t\t\t\t<input size=\"1\" type=\"tel\" name=\"form_fields[field_26f7e9d]\" id=\"form-field-field_26f7e9d\" class=\"elementor-field elementor-size-sm  elementor-field-textual\" placeholder=\"Escriu aqu\u00ed un tel\u00e8fon de contacte\" pattern=\"[0-9()#&amp;+*-=.]+\" title=\"Only numbers and phone characters (#, -, *, etc) are accepted.\">\n\n\t\t\t\t\t\t<\/div>\n\t\t\t\t\t\t\t\t<div class=\"elementor-field-type-text elementor-field-group elementor-column elementor-field-group-field_db5fd4e elementor-col-33\">\n\t\t\t\t\t\t\t\t\t\t\t\t<label for=\"form-field-field_db5fd4e\" class=\"elementor-field-label\">\n\t\t\t\t\t\t\t\tNom de l'esdeveniment\t\t\t\t\t\t\t<\/label>\n\t\t\t\t\t\t\t\t\t\t\t\t\t\t<input size=\"1\" type=\"text\" name=\"form_fields[field_db5fd4e]\" id=\"form-field-field_db5fd4e\" class=\"elementor-field elementor-size-sm  elementor-field-textual\" placeholder=\"Nom de l&#039;esdeveniment\">\n\t\t\t\t\t\t\t\t\t\t\t<\/div>\n\t\t\t\t\t\t\t\t<div class=\"elementor-field-type-date elementor-field-group elementor-column elementor-field-group-field_2702c66 elementor-col-33\">\n\t\t\t\t\t\t\t\t\t\t\t\t<label for=\"form-field-field_2702c66\" class=\"elementor-field-label\">\n\t\t\t\t\t\t\t\tData de l'esdeveniment\t\t\t\t\t\t\t<\/label>\n\t\t\t\t\t\t\n\t\t<input type=\"date\" name=\"form_fields[field_2702c66]\" id=\"form-field-field_2702c66\" class=\"elementor-field elementor-size-sm  elementor-field-textual elementor-date-field\" placeholder=\"Data de l&#039;esdeveniment\" pattern=\"[0-9]{4}-[0-9]{2}-[0-9]{2}\">\n\t\t\t\t\t\t<\/div>\n\t\t\t\t\t\t\t\t<div class=\"elementor-field-type-select elementor-field-group elementor-column elementor-field-group-field_73906f5 elementor-col-33 elementor-field-required\">\n\t\t\t\t\t\t\t\t\t\t\t\t<label for=\"form-field-field_73906f5\" class=\"elementor-field-label\">\n\t\t\t\t\t\t\t\tSelecciona l'Espai\t\t\t\t\t\t\t<\/label>\n\t\t\t\t\t\t\t\t<div class=\"elementor-field elementor-select-wrapper remove-before \">\n\t\t\t<div class=\"select-caret-down-wrapper\">\n\t\t\t\t<svg aria-hidden=\"true\" class=\"e-font-icon-svg e-eicon-caret-down\" viewBox=\"0 0 571.4 571.4\" xmlns=\"http:\/\/www.w3.org\/2000\/svg\"><path d=\"M571 393Q571 407 561 418L311 668Q300 679 286 679T261 668L11 418Q0 407 0 393T11 368 36 357H536Q550 357 561 368T571 393Z\"><\/path><\/svg>\t\t\t<\/div>\n\t\t\t<select name=\"form_fields[field_73906f5]\" id=\"form-field-field_73906f5\" class=\"elementor-field-textual elementor-size-sm\" required=\"required\">\n\t\t\t\t\t\t\t\t\t<option value=\"Tunnel Experience Sala de Premsa Club 1916 The Premium Club Bermell\u00f3n Lounge Plaza Fons Sud Presidential Lounge Llotges Privades Presuntuoso Restaurant\">Tunnel Experience Sala de Premsa Club 1916 The Premium Club Bermell\u00f3n Lounge Plaza Fons Sud Presidential Lounge Llotges Privades Presuntuoso Restaurant<\/option>\n\t\t\t\t\t\t\t<\/select>\n\t\t<\/div>\n\t\t\t\t\t\t<\/div>\n\t\t\t\t\t\t\t\t<div class=\"elementor-field-type-textarea elementor-field-group elementor-column elementor-field-group-message elementor-col-100\">\n\t\t\t\t\t\t\t\t\t\t\t\t<label for=\"form-field-message\" class=\"elementor-field-label\">\n\t\t\t\t\t\t\t\tComentaris addicionals\t\t\t\t\t\t\t<\/label>\n\t\t\t\t\t\t<textarea class=\"elementor-field-textual elementor-field  elementor-size-sm\" name=\"form_fields[message]\" id=\"form-field-message\" rows=\"4\" placeholder=\"Escriu aqu\u00ed...\"><\/textarea>\t\t\t\t<\/div>\n\t\t\t\t\t\t\t\t<div class=\"elementor-field-type-acceptance elementor-field-group elementor-column elementor-field-group-field_452c541 elementor-col-100\">\n\t\t\t\t\t\t\t<div class=\"elementor-field-subgroup\">\n\t\t\t<span class=\"elementor-field-option\">\n\t\t\t\t<input type=\"checkbox\" name=\"form_fields[field_452c541]\" id=\"form-field-field_452c541\" class=\"elementor-field elementor-size-sm  elementor-acceptance-field\">\n\t\t\t\t<label for=\"form-field-field_452c541\">Accepto la <a href=\"https:\/\/estadimallorcasonmoix.es\/ca\/politica-de-privacitat\/\" style=\"color: #ED1B24;\" target=\"_blank\" rel=\"noopener noreferrer\">Pol\u00edtica de privacitat<\/a><\/label>\t\t\t<\/span>\n\t\t<\/div>\n\t\t\t\t\t\t<\/div>\n\t\t\t\t\t\t\t\t<div class=\"elementor-field-type-recaptcha_v3 elementor-field-group elementor-column elementor-field-group-field_b2538f8 elementor-col-100 recaptcha_v3-inline\">\n\t\t\t\t\t<div class=\"elementor-field\" id=\"form-field-field_b2538f8\"><div class=\"elementor-g-recaptcha\" data-sitekey=\"6LfhZ3AqAAAAAON_SN6-6Tu0CObw30ebT-s0Fg4V\" data-type=\"v3\" data-action=\"Form\" data-badge=\"inline\" data-size=\"invisible\"><\/div><\/div>\t\t\t\t<\/div>\n\t\t\t\t\t\t\t\t<div class=\"elementor-field-group elementor-column elementor-field-type-submit elementor-col-100 e-form__buttons elementor-sm-100\">\n\t\t\t\t\t<button class=\"elementor-button elementor-size-sm\" type=\"submit\">\n\t\t\t\t\t\t<span class=\"elementor-button-content-wrapper\">\n\t\t\t\t\t\t\t\t\t\t\t\t\t\t\t<span class=\"elementor-button-icon\">\n\t\t\t\t\t\t\t\t\t<svg aria-hidden=\"true\" class=\"e-font-icon-svg e-fas-arrow-right\" viewBox=\"0 0 448 512\" xmlns=\"http:\/\/www.w3.org\/2000\/svg\"><path d=\"M190.5 66.9l22.2-22.2c9.4-9.4 24.6-9.4 33.9 0L441 239c9.4 9.4 9.4 24.6 0 33.9L246.6 467.3c-9.4 9.4-24.6 9.4-33.9 0l-22.2-22.2c-9.5-9.5-9.3-25 .4-34.3L311.4 296H24c-13.3 0-24-10.7-24-24v-32c0-13.3 10.7-24 24-24h287.4L190.9 101.2c-9.8-9.3-10-24.8-.4-34.3z\"><\/path><\/svg>\t\t\t\t\t\t\t\t\t\t\t\t\t\t\t\t\t<\/span>\n\t\t\t\t\t\t\t\t\t\t\t\t\t\t\t\t\t\t\t\t\t\t<span class=\"elementor-button-text\">Enviar<\/span>\n\t\t\t\t\t\t\t\t\t\t\t\t\t<\/span>\n\t\t\t\t\t<\/button>\n\t\t\t\t<\/div>\n\t\t\t<\/div>\n\t\t<\/form>\n\t\t\t\t\t\t<\/div>\n\t\t\t\t<\/div>\n\t\t\t\t<\/div>\n\t\t\t\t<\/div>\n\t\t\t\t\t<\/div>\n\t\t\t\t<\/div>\n\t\t\t\t<\/div>\n\t\t","protected":false},"excerpt":{"rendered":"<p>RESERVA EL TEU ESDEVENIMENT El Estadi Mallorca S\u00f3n Moix, situat en Cam\u00ed del Reis s\/n, es troba a nom\u00e9s 15 minuts amb cotxe del centre de Palma i de l&#8217;aeroport. \u00c9s accessible en transport p\u00fablic i privat, i compta amb m\u00e9s de 2,500 places de p\u00e0rquing, incloent-hi una \u00e0rea exclusiva per a autobusos, per a [&hellip;]<\/p>\n","protected":false},"author":1,"featured_media":0,"parent":0,"menu_order":0,"comment_status":"closed","ping_status":"closed","template":"elementor_header_footer","meta":{"footnotes":""},"class_list":["post-1329","page","type-page","status-publish","hentry"],"yoast_head":"<!-- This site is optimized with the Yoast SEO Premium plugin v23.6 (Yoast SEO v27.4) - https:\/\/yoast.com\/product\/yoast-seo-premium-wordpress\/ -->\n<title>CONTACTE<\/title>\n<meta name=\"description\" content=\"P\u00e0gina Oficial de l&#039;Estadi Mallorca Son Moix\" \/>\n<meta name=\"robots\" content=\"index, follow, max-snippet:-1, max-image-preview:large, max-video-preview:-1\" \/>\n<link rel=\"canonical\" href=\"https:\/\/estadimallorcasonmoix.es\/ca\/contacte\/\" \/>\n<meta property=\"og:locale\" content=\"ca_ES\" \/>\n<meta property=\"og:type\" content=\"article\" \/>\n<meta property=\"og:title\" content=\"CONTACTE\" \/>\n<meta property=\"og:description\" content=\"P\u00e0gina Oficial de l&#039;Estadi Mallorca Son Moix\" \/>\n<meta property=\"og:url\" content=\"https:\/\/estadimallorcasonmoix.es\/ca\/contacte\/\" \/>\n<meta property=\"og:site_name\" content=\"estadimallorcasonmoix.es\" \/>\n<meta property=\"article:modified_time\" content=\"2024-11-22T11:13:51+00:00\" \/>\n<meta property=\"og:image\" content=\"https:\/\/estadimallorcasonmoix.es\/wp-content\/uploads\/2024\/11\/OG.png\" \/>\n\t<meta property=\"og:image:width\" content=\"1200\" \/>\n\t<meta property=\"og:image:height\" content=\"675\" \/>\n\t<meta property=\"og:image:type\" content=\"image\/png\" \/>\n<meta name=\"twitter:card\" content=\"summary_large_image\" \/>\n<meta name=\"twitter:label1\" content=\"Temps estimat de lectura\" \/>\n\t<meta name=\"twitter:data1\" content=\"1 minut\" \/>\n<script type=\"application\/ld+json\" class=\"yoast-schema-graph\">{\"@context\":\"https:\\\/\\\/schema.org\",\"@graph\":[{\"@type\":\"WebPage\",\"@id\":\"https:\\\/\\\/estadimallorcasonmoix.es\\\/ca\\\/contacte\\\/\",\"url\":\"https:\\\/\\\/estadimallorcasonmoix.es\\\/ca\\\/contacte\\\/\",\"name\":\"CONTACTE\",\"isPartOf\":{\"@id\":\"https:\\\/\\\/estadimallorcasonmoix.es\\\/#website\"},\"datePublished\":\"2024-11-07T10:37:43+00:00\",\"dateModified\":\"2024-11-22T11:13:51+00:00\",\"description\":\"P\u00e0gina Oficial de l'Estadi Mallorca Son Moix\",\"breadcrumb\":{\"@id\":\"https:\\\/\\\/estadimallorcasonmoix.es\\\/ca\\\/contacte\\\/#breadcrumb\"},\"inLanguage\":\"ca\",\"potentialAction\":[{\"@type\":\"ReadAction\",\"target\":[\"https:\\\/\\\/estadimallorcasonmoix.es\\\/ca\\\/contacte\\\/\"]}]},{\"@type\":\"BreadcrumbList\",\"@id\":\"https:\\\/\\\/estadimallorcasonmoix.es\\\/ca\\\/contacte\\\/#breadcrumb\",\"itemListElement\":[{\"@type\":\"ListItem\",\"position\":1,\"name\":\"Home\",\"item\":\"https:\\\/\\\/estadimallorcasonmoix.es\\\/ca\\\/\"},{\"@type\":\"ListItem\",\"position\":2,\"name\":\"CONTACTE\"}]},{\"@type\":\"WebSite\",\"@id\":\"https:\\\/\\\/estadimallorcasonmoix.es\\\/#website\",\"url\":\"https:\\\/\\\/estadimallorcasonmoix.es\\\/\",\"name\":\"estadimallorcasonmoix.es\",\"description\":\"P\u00e0gina Oficial Estadi Mallorca Son Moix\",\"publisher\":{\"@id\":\"https:\\\/\\\/estadimallorcasonmoix.es\\\/#organization\"},\"alternateName\":\"Estadi Mallorca Son Moix\",\"potentialAction\":[{\"@type\":\"SearchAction\",\"target\":{\"@type\":\"EntryPoint\",\"urlTemplate\":\"https:\\\/\\\/estadimallorcasonmoix.es\\\/?s={search_term_string}\"},\"query-input\":{\"@type\":\"PropertyValueSpecification\",\"valueRequired\":true,\"valueName\":\"search_term_string\"}}],\"inLanguage\":\"ca\"},{\"@type\":\"Organization\",\"@id\":\"https:\\\/\\\/estadimallorcasonmoix.es\\\/#organization\",\"name\":\"RCD Mallorca\",\"alternateName\":\"RCD Mallorca\",\"url\":\"https:\\\/\\\/estadimallorcasonmoix.es\\\/\",\"logo\":{\"@type\":\"ImageObject\",\"inLanguage\":\"ca\",\"@id\":\"https:\\\/\\\/estadimallorcasonmoix.es\\\/#\\\/schema\\\/logo\\\/image\\\/\",\"url\":\"https:\\\/\\\/estadimallorcasonmoix.es\\\/wp-content\\\/uploads\\\/2024\\\/10\\\/Logo-Son-Moix.png\",\"contentUrl\":\"https:\\\/\\\/estadimallorcasonmoix.es\\\/wp-content\\\/uploads\\\/2024\\\/10\\\/Logo-Son-Moix.png\",\"width\":490,\"height\":284,\"caption\":\"RCD Mallorca\"},\"image\":{\"@id\":\"https:\\\/\\\/estadimallorcasonmoix.es\\\/#\\\/schema\\\/logo\\\/image\\\/\"}}]}<\/script>\n<!-- \/ Yoast SEO Premium plugin. -->","yoast_head_json":{"title":"CONTACTE","description":"P\u00e0gina Oficial de l'Estadi Mallorca Son Moix","robots":{"index":"index","follow":"follow","max-snippet":"max-snippet:-1","max-image-preview":"max-image-preview:large","max-video-preview":"max-video-preview:-1"},"canonical":"https:\/\/estadimallorcasonmoix.es\/ca\/contacte\/","og_locale":"ca_ES","og_type":"article","og_title":"CONTACTE","og_description":"P\u00e0gina Oficial de l'Estadi Mallorca Son Moix","og_url":"https:\/\/estadimallorcasonmoix.es\/ca\/contacte\/","og_site_name":"estadimallorcasonmoix.es","article_modified_time":"2024-11-22T11:13:51+00:00","og_image":[{"width":1200,"height":675,"url":"https:\/\/estadimallorcasonmoix.es\/wp-content\/uploads\/2024\/11\/OG.png","type":"image\/png"}],"twitter_card":"summary_large_image","twitter_misc":{"Temps estimat de lectura":"1 minut"},"schema":{"@context":"https:\/\/schema.org","@graph":[{"@type":"WebPage","@id":"https:\/\/estadimallorcasonmoix.es\/ca\/contacte\/","url":"https:\/\/estadimallorcasonmoix.es\/ca\/contacte\/","name":"CONTACTE","isPartOf":{"@id":"https:\/\/estadimallorcasonmoix.es\/#website"},"datePublished":"2024-11-07T10:37:43+00:00","dateModified":"2024-11-22T11:13:51+00:00","description":"P\u00e0gina Oficial de l'Estadi Mallorca Son Moix","breadcrumb":{"@id":"https:\/\/estadimallorcasonmoix.es\/ca\/contacte\/#breadcrumb"},"inLanguage":"ca","potentialAction":[{"@type":"ReadAction","target":["https:\/\/estadimallorcasonmoix.es\/ca\/contacte\/"]}]},{"@type":"BreadcrumbList","@id":"https:\/\/estadimallorcasonmoix.es\/ca\/contacte\/#breadcrumb","itemListElement":[{"@type":"ListItem","position":1,"name":"Home","item":"https:\/\/estadimallorcasonmoix.es\/ca\/"},{"@type":"ListItem","position":2,"name":"CONTACTE"}]},{"@type":"WebSite","@id":"https:\/\/estadimallorcasonmoix.es\/#website","url":"https:\/\/estadimallorcasonmoix.es\/","name":"estadimallorcasonmoix.es","description":"P\u00e0gina Oficial Estadi Mallorca Son Moix","publisher":{"@id":"https:\/\/estadimallorcasonmoix.es\/#organization"},"alternateName":"Estadi Mallorca Son Moix","potentialAction":[{"@type":"SearchAction","target":{"@type":"EntryPoint","urlTemplate":"https:\/\/estadimallorcasonmoix.es\/?s={search_term_string}"},"query-input":{"@type":"PropertyValueSpecification","valueRequired":true,"valueName":"search_term_string"}}],"inLanguage":"ca"},{"@type":"Organization","@id":"https:\/\/estadimallorcasonmoix.es\/#organization","name":"RCD Mallorca","alternateName":"RCD Mallorca","url":"https:\/\/estadimallorcasonmoix.es\/","logo":{"@type":"ImageObject","inLanguage":"ca","@id":"https:\/\/estadimallorcasonmoix.es\/#\/schema\/logo\/image\/","url":"https:\/\/estadimallorcasonmoix.es\/wp-content\/uploads\/2024\/10\/Logo-Son-Moix.png","contentUrl":"https:\/\/estadimallorcasonmoix.es\/wp-content\/uploads\/2024\/10\/Logo-Son-Moix.png","width":490,"height":284,"caption":"RCD Mallorca"},"image":{"@id":"https:\/\/estadimallorcasonmoix.es\/#\/schema\/logo\/image\/"}}]}},"_links":{"self":[{"href":"https:\/\/estadimallorcasonmoix.es\/ca\/wp-json\/wp\/v2\/pages\/1329","targetHints":{"allow":["GET"]}}],"collection":[{"href":"https:\/\/estadimallorcasonmoix.es\/ca\/wp-json\/wp\/v2\/pages"}],"about":[{"href":"https:\/\/estadimallorcasonmoix.es\/ca\/wp-json\/wp\/v2\/types\/page"}],"author":[{"embeddable":true,"href":"https:\/\/estadimallorcasonmoix.es\/ca\/wp-json\/wp\/v2\/users\/1"}],"replies":[{"embeddable":true,"href":"https:\/\/estadimallorcasonmoix.es\/ca\/wp-json\/wp\/v2\/comments?post=1329"}],"version-history":[{"count":0,"href":"https:\/\/estadimallorcasonmoix.es\/ca\/wp-json\/wp\/v2\/pages\/1329\/revisions"}],"wp:attachment":[{"href":"https:\/\/estadimallorcasonmoix.es\/ca\/wp-json\/wp\/v2\/media?parent=1329"}],"curies":[{"name":"wp","href":"https:\/\/api.w.org\/{rel}","templated":true}]}}