{"id":1301,"date":"2024-10-29T09:18:16","date_gmt":"2024-10-29T09:18:16","guid":{"rendered":"https:\/\/estadimallorcasonmoix.es\/avis-legal-i-condicions-dus\/"},"modified":"2026-02-24T21:52:39","modified_gmt":"2026-02-24T21:52:39","slug":"avis-legal-i-condicions-dus","status":"publish","type":"page","link":"https:\/\/estadimallorcasonmoix.es\/ca\/avis-legal-i-condicions-dus\/","title":{"rendered":"Av\u00eds legal i condicions d&#8217;\u00fas"},"content":{"rendered":"\t\t<div data-elementor-type=\"wp-page\" data-elementor-id=\"1301\" class=\"elementor elementor-1301 elementor-6\" data-elementor-post-type=\"page\">\n\t\t\t\t<div class=\"elementor-element elementor-element-f9d9d9e e-flex e-con-boxed e-con e-parent\" data-id=\"f9d9d9e\" data-element_type=\"container\" data-e-type=\"container\">\n\t\t\t\t\t<div class=\"e-con-inner\">\n\t\t\t\t<div class=\"elementor-element elementor-element-684a61e elementor-widget elementor-widget-text-editor\" data-id=\"684a61e\" data-element_type=\"widget\" data-e-type=\"widget\" data-widget_type=\"text-editor.default\">\n\t\t\t\t<div class=\"elementor-widget-container\">\n\t\t\t\t\t\t\t\t\t<p class=\"p1\">1. Titularitat<\/p><p class=\"p2\"><span class=\"s1\"><a href=\"https:\/\/estadimallorcasonmoix.es\/ca\/\"><b>https:\/\/estadimallorcasonmoix.es\/<\/b><\/a><\/span><b> <\/b>\u00e9s un Lloc a Internet propietat del Real Club Esportiu Mallorca S.A.D. amb NIF: A07323736 amb domicili al c\/ Cami dels Reis s\/n. 07011. Palma de Mallorca, Illes Balears. Inscrita al Registre Mercantil de Palma de Mallorca: Tom 920, Foli 114, Full PM-5.583 (d&#8217;ara endavant el Titular).  <\/p><p class=\"p2\">2. Condicions d&#8217;\u00fas<\/p><p class=\"p2\">En accedir al Lloc Web l&#8217;Usuari declara que accepta aquest Av\u00eds Legal amb totes les condicions d&#8217;\u00fas. En tot cas, aquest Av\u00eds Legal t\u00e9 car\u00e0cter obligatori i vinculant; qualsevol persona que no accepti les seves condicions haur\u00e0 d&#8217;abstenir-se d&#8217;utilitzar el lloc web i\/o els serveis promocionats pel titular, a trav\u00e9s d&#8217;aquest. Aquestes condicions no creen cap contracte de societat, de mandat, de franqu\u00edcia o relaci\u00f3 laboral entre el Titular i els Usuaris.  <\/p><p class=\"p2\">Aquest Av\u00eds Legal regula l&#8217;\u00fas d&#8217;aquest Lloc Web, el qual posa el Titular a disposici\u00f3 de les persones que hi accedeixin per tal de proporcionar-los informaci\u00f3 sobre serveis propis i\/o de tercers col\u00b7laboradors, i facilitar-los l&#8217;acc\u00e9s i la contractaci\u00f3 dels mateixos.<\/p><p class=\"p2\">3. Normes aplicables<\/p><p class=\"p2\">Aquest Av\u00eds Legal est\u00e0 subjecte al que disposa la Llei Org\u00e0nica 3\/2018, de Protecci\u00f3 de Dades Personals i garantia dels drets digitals, de 5 de desembre de 2018 (LOPDGDD), Reglament UE 2016\/679 del Parlament Europeu i del Consell de 27 d&#8217;abril de 2016 relatiu a la protecci\u00f3 de dades circulaci\u00f3 d&#8217;aquestes dades i pel qual es deroga la Directiva 95\/46\/CE (RGPD), Directrius 5\/2020 sobre el consentiment en el sentit del Reglament (UE) 2016\/679, Llei 11\/2022, de 28 de juny, General de Telecomunicacions, la Llei 34\/2 Comer\u00e7 Electr\u00f2nic, el Reial decret llei 13\/2012, de 30 de mar\u00e7, pel qual es transposen directives en mat\u00e8ria de mercats interiors d&#8217;electricitat i gas i en mat\u00e8ria de comunicacions electr\u00f2niques, i pel qual s&#8217;adopten mesures per a la correcci\u00f3 de les desviacions per desajustos entre els costos i els ingressos dels sectors el\u00e8ctrics i gasistes. Comit\u00e8 Europeu de Protecci\u00f3 de Dades (CEPD), el Reglament (UE) n\u00fam. 524\/2013 del Parlament Europeu i del Consell, de 21 de maig de 2013, sobre resoluci\u00f3 de litigis en l\u00ednia en mat\u00e8ria de consum i pel qual es modifica el Reglament (CE) n\u00fam. 2006\/2002 i la Directiva litigis en l\u00ednia en mat\u00e8ria de consum), la Llei 3\/2014, de 27 de mar\u00e7, per la qual es modifica el text ref\u00f3s de la Llei General per a la Defensa dels Consumidors i Usuaris i altres lleis complement\u00e0ries, aprovat pel Reial Decret Legislatiu 1\/2007, de 16 de novembre, Llei 44\/2006, de 2 2011\/83\/UE del Parlament Europeu i del Consell, de 25 d&#8217;octubre de 2011, sobre els drets dels consumidors, la Llei 7\/1998, de 13 d&#8217;abril, sobre Condicions Generals de Contractaci\u00f3, de 17 de desembre de 1999, pel qual es regula la Contractaci\u00f3 Telef\u00f2nica o Electr\u00f2nica3, el lliure acc\u00e9s a les activitats de serveis i el seu exercici, la Llei 7\/1996, de 15 de gener d&#8217;Ordenaci\u00f3 del Comer\u00e7 Minorista, Reglament Delegat (UE) 2018\/389 de la Comissi\u00f3, de 27 de novembre de 2017, pel qual es complementa la Directiva (UE) 2015\/2365 del Parlament serveis de pagament al mercat interior, que modifica les Directives 2002\/65\/CE, 2009\/110\/CE i 2013\/36\/UE i el Reglament (UE) 1093\/2010, i per la qual es deroga la Directiva 2007\/64\/CE, aix\u00ed com qualsevol normativa posterior.<\/p><p class=\"p2\">Tant l&#8217;acc\u00e9s al Lloc Web propietat del Titular com l&#8217;\u00fas que es pugui fer de la informaci\u00f3 i els continguts inclosos en aquest, ser\u00e0 de l&#8217;exclusiva responsabilitat de qui ho faci. Les condicions d&#8217;acc\u00e9s al Lloc Web estaran supeditades a la legalitat vigent i als principis de la bona fe i \u00fas l\u00edcit per part de l&#8217;usuari, quedant prohibit amb car\u00e0cter general qualsevol tipus d&#8217;actuaci\u00f3 en perjudici del Titular. Es considerar\u00e0 terminantment prohibit l&#8217;\u00fas del Lloc Web amb finalitats il\u00b7legals o no autoritzades.  <\/p><p class=\"p2\">4. Modificaci\u00f3 de les condicions d\u00fas<\/p><p class=\"p2\">El Titular es reserva el dret de modificar, en qualsevol moment, la presentaci\u00f3 i configuraci\u00f3 del Lloc Web, aix\u00ed com el present Av\u00eds Legal. Per aix\u00f2, El Titular recomana a l&#8217;Usuari llegir-les atentament cada vegada que accedeixi al Lloc Web. Sempre disposar\u00e0 de l&#8217;Av\u00eds Legal en un lloc visible, lliurement accessible per a totes les consultes que vulgui fer.  <\/p><p class=\"p2\">5. Descripci\u00f3 dels serveis<\/p><p class=\"p2\"><a href=\"https:\/\/estadimallorcasonmoix.es\/ca\/\">https:\/\/estadimallorcasonmoix.es\/<\/a> \u00e9s el Lloc Web del Titular i serveix d&#8217;eina d&#8217;informaci\u00f3 com de contractaci\u00f3 i\/o \/compra dels serveis i\/o productes oferts.<\/p><p class=\"p2\">6. Registre<\/p><p class=\"p2\">Per poder realitzar la compra i\/o contractaci\u00f3 de determinats serveis caldr\u00e0 registrar-se pr\u00e8viament. En fer la inscripci\u00f3 com a Usuari Registrat confirma que \u00e9s una persona gran d&#8217;edat, amb capacitat per contractar o compta amb autoritzaci\u00f3 expressa del seu tutor legal i que (d&#8217;ara endavant tamb\u00e9 referit com a \u201cUsuari Registrat\u201d) accepta la totalitat de condicions del present Av\u00eds Legal. <span class=\"Apple-converted-space\">  <\/span>L&#8217;Usuari una vegada registrat podr\u00e0 realitzar les compres dels productes que esculli, quedant subjecte als termes i condicions espec\u00edfics.<\/p><p class=\"p2\">L&#8217;identificador d&#8217;usuari estar\u00e0 format per la vostra adre\u00e7a de correu electr\u00f2nic i una contrasenya. La contrasenya ha d&#8217;estar composta per almenys 6 car\u00e0cters. Us recomanem que utilitzeu una contrasenya segura que contingui un nombre m\u00e9s gran de car\u00e0cters, no utilitzeu paraules comunes o noms, i combineu maj\u00fascules, min\u00fascules, n\u00fameros i s\u00edmbols.  <\/p><p class=\"p3\">L&#8217;\u00fas del seu identificador i la contrasenya s\u00f3n personals i intransferibles, i no est\u00e0 permesa la cessi\u00f3, ni tan sols temporal, a tercers. En aquest sentit, l&#8217;Usuari es compromet a fer-ne un \u00fas diligent ia mantenir-ne en secret, assumint tota responsabilitat per les conseq\u00fc\u00e8ncies de la seva divulgaci\u00f3 a tercers. En cas que un usuari conegui o sospiti l&#8217;\u00fas de la contrasenya per tercers, ens ho ha de notificar de manera immediata.  <\/p><p class=\"p4\">El Titular podr\u00e0 interrompre el servei a qualsevol Usuari que faci una utilitzaci\u00f3 no \u00e8tica, ofensiva, il\u00b7legal, o incorrecta dels continguts o serveis d&#8217;aquest Lloc Web i\/o contr\u00e0ria als interessos del Titular. Aix\u00ed tamb\u00e9 es reserva el dret de rebutjar qualsevol sol\u00b7licitud de registre o cancel\u00b7lar un registre pr\u00e8viament acceptat, sense que estigui obligat a comunicar o exposar les raons de la seva decisi\u00f3 i sense que aix\u00f2 generi cap dret a indemnitzaci\u00f3 o rescabalament. <\/p><p class=\"p4\">7. Terminaci\u00f3<\/p><p class=\"p4\">El Titular es reserva el dret d&#8217;interrompre o cancel\u00b7lar el Lloc Web o qualsevol dels serveis en aquest, en qualsevol moment i sense av\u00eds previ, per motius t\u00e8cnics o de qualsevol altra \u00edndole, podent aix\u00ed mateix modificar unilateralment tant les condicions d&#8217;acc\u00e9s, com la totalitat o part dels continguts en ell inclosos tot aix\u00f2 sense perjudici dels drets adquirits en aquest moment.<\/p><p class=\"p4\">8.<span class=\"Apple-converted-space\">  <\/span>Responsabilitats<\/p><p class=\"p3\">Els enlla\u00e7os continguts al Lloc Web poden adre\u00e7ar a Llocs Web de tercers. El Titular no assumeix cap responsabilitat pel contingut, informacions o serveis que poguessin apar\u00e8ixer en aquests llocs, que tindran exclusivament car\u00e0cter informatiu i que en cap cas impliquen cap relaci\u00f3 entre el Titular i les persones o entitats titulars de tals continguts o titulars dels llocs on es trobin. <\/p><p class=\"p4\">El Titular no es fa responsable sota cap concepte per cap tipus de dany que poguessin ocasionar els Usuaris al present Lloc Web, oa qualsevol altra, per l&#8217;\u00fas il\u00b7legal o indegut de la mateixa, o dels continguts i informacions accessibles o facilitades a trav\u00e9s d&#8217;aquesta.<\/p><p class=\"p4\">El Titular no ser\u00e0 responsable de les infraccions realitzades per usuaris del web que afectin tercers.<\/p><p class=\"p2\">El Titular no garanteix la fiabilitat, la disponibilitat ni la continu\u00eftat del seu Lloc Web ni dels Serveis, per la qual cosa la utilitzaci\u00f3 dels mateixos per part de l&#8217;usuari es duu a terme pel seu propi compte i risc, sense que, en cap moment, no es puguin exigir responsabilitats al Titular.<\/p><p class=\"p2\">El Titular no ser\u00e0 responsable en cas que hi hagi interrupcions dels serveis, demores, mal funcionament del mateix i, en general, altres inconvenients que tinguin l&#8217;origen en causes que escapen del control del Titular, i\/o deguda a una actuaci\u00f3 dolosa o culposa de l&#8217;usuari i\/o tingui per origen causes de cas fortu\u00eft o for\u00e7a major. Sense perjudici del que estableix l&#8217;article 1105 del Codi civil, s&#8217;entenen inclosos en el concepte de for\u00e7a major, a m\u00e9s, ia l&#8217;efecte d&#8217;aquest Av\u00eds Legal, tots aquells esdeveniments esdevinguts fora del control del Titular, com ara: decisi\u00f3 de tercers, operadors o companyies de serveis, actes de Govern, manca d&#8217;acc\u00e9s a xarxes de tercers, actes o naturals, talls de subministrament, etc. i l&#8217;atac de hackers o tercers especialitzats en la seguretat o la integritat del sistema inform\u00e0tic, sempre que el Titular, hagi adoptat les mesures de seguretat raonables d&#8217;acord amb l&#8217;estat de la t\u00e8cnica. En qualsevol cas, sigui quina sigui la seva causa, el Titular no assumir\u00e0 cap responsabilitat ja sigui per danys directes o indirectes, dany emergent i\/o per lucre cessant.  <\/p><p class=\"p3\">El Titular tractar\u00e0 en la mesura del possible d&#8217;actualitzar i rectificar aquella informaci\u00f3 allotjada al Lloc Web que no compleixi amb les m\u00ednimes garanties de veracitat. Tot i aix\u00f2, informa que pot existir qualsevol tipus d&#8217;error sense intencionalitat i sent l&#8217;Usuari lliure de contrastar el contingut. En aquest sentit, el Titular no t\u00e9 obligaci\u00f3 de controlar i no controla els continguts transmesos, difosos o posats a disposici\u00f3 de tercers pels Usuaris o col\u00b7laboradors, llevat dels sup\u00f2sits en qu\u00e8 aix\u00ed ho exigeixi la legislaci\u00f3 vigent o quan sigui requerit per una Autoritat Judicial o Administrativa competent.  <\/p><p class=\"p4\">El Titular no podr\u00e0 ser considerat responsable de l\u00fas del present Lloc Web per persones alienes o refer\u00e8ncies que poguessin existir en llocs aliens.<\/p><p class=\"p4\">El titular no es fa responsable en cap cas de l&#8217;\u00fas indegut de cap dels productes. Les informacions contingudes a les indicacions dels productes esmentats no poden en cap cas ser considerades com a base de garantia, ni objecte de responsabilitat. <\/p><p class=\"p4\">9. Indemnitzaci\u00f3<\/p><p class=\"p4\">Els Usuaris mantindran el Titular indemne per qualsevol reclamaci\u00f3 o demanda de tercers relacionada amb les activitats promogudes dins del Lloc Web o per l&#8217;incompliment de l&#8217;Av\u00eds Legal i altres pol\u00edtiques que s&#8217;entenen incorporades al present document, o per la violaci\u00f3 de qualssevol lleis o drets de tercers.<\/p><p class=\"p4\">10. Nul\u00b7litat i inefic\u00e0cia de les Cl\u00e0usules<\/p><p class=\"p4\">Si qualsevol cl\u00e0usula inclosa en aquest Av\u00eds Legal o de la resta de text legals i informatius del Lloc Web fos declarada, totalment o parcialment, nul\u00b7la o inefica\u00e7, aquesta nul\u00b7litat o inefic\u00e0cia afectar\u00e0 nom\u00e9s a aquesta disposici\u00f3 o la part de la mateixa que resulti nul\u00b7la o inefica\u00e7, subsistint la resta de condicions establertes en tot el que estableix la resta de condicions establertes en tot el per no inclosa.<\/p><p class=\"p4\">11. Notificacions<\/p><p class=\"p4\">Totes les notificacions, requeriments, peticions i altres comunicacions que hagin d&#8217;efectuar les parts en relaci\u00f3 amb aquest Av\u00eds Legal o la resta de textos legals i informatius, s&#8217;han de fer per escrit i s&#8217;entendr\u00e0 que han estat degudament realitzades quan hagin estat lliurades en m\u00e0 o b\u00e9 remeses per correu ordinari al domicili de l&#8217;altra part o al correu electr\u00f2nic d&#8217;aquesta, o b\u00e9 a l&#8217;adre\u00e7a electr\u00f2nica d&#8217;aquesta una altra.<\/p><p class=\"p2\">12. Propietat Intel\u00b7lectual i Industrial<\/p><p class=\"p2\">Els drets de propietat intel\u00b7lectual d&#8217;aquest Lloc Web, el seu codi font, disseny, estructures de navegaci\u00f3 i els diferents elements continguts s\u00f3n titularitat exclusiva del Titular a qui correspon l&#8217;exercici dels drets d&#8217;explotaci\u00f3 d&#8217;aquests en qualsevol forma i, en especial, els drets de reproducci\u00f3, distribuci\u00f3, comunicaci\u00f3 p\u00fablica i transformaci\u00f3, d&#8217;acord amb la legislaci\u00f3 espanyola i de la Uni\u00f3 Europea aplicable.<\/p><p class=\"p2\">Queda totalment prohibida la reproducci\u00f3 total o parcial dels continguts d&#8217;aquesta Web sense consentiment expr\u00e9s i per escrit per part del Titular. La utilitzaci\u00f3 no autoritzada daquests continguts per qualsevol altra persona o empresa donar\u00e0 lloc a les responsabilitats legalment establertes. <\/p><p class=\"p2\">El Titular comercialitzar\u00e0 els productes i serveis amb les marques registrades i els distintius comercials propis i els que, si escau, els seus prove\u00efdors indiquin. Els prove\u00efdors s\u00f3n els propietaris leg\u00edtims de les marques registrades i del material promocional que puguin posar a disposici\u00f3 per a la promoci\u00f3 del producte i\/o servei i concedeixen al titular l&#8217;autoritzaci\u00f3 necess\u00e0ria per utilitzar-los sense considerar-se en cap cas una cessi\u00f3 de la seva propietat, i el prove\u00efdor \u00e9s el responsable exclusiu de qualsevol demanda interposada per tercers en relaci\u00f3 amb l&#8217;\u00fas de la marca comercial, eximint el titular. <\/p><p class=\"p2\">Queda prohibida qualsevol modalitat dexplotaci\u00f3, incloent-hi tot tipus de reproducci\u00f3, distribuci\u00f3, cessi\u00f3 a tercers, comunicaci\u00f3 p\u00fablica i transformaci\u00f3, mitjan\u00e7ant qualsevol tipus de suport i mitj\u00e0, de les obres abans referides, creacions i signes distintius sense autoritzaci\u00f3 pr\u00e8via i expressa dels seus respectius titulars. L&#8217;incompliment d&#8217;aquesta prohibici\u00f3 pot constituir infracci\u00f3 sancionable per la legislaci\u00f3 vigent. <\/p><p class=\"p2\">Queda prohibit, llevat dels casos que expressament ho autoritzi el Titular presentar aquest Lloc Web o la informaci\u00f3 que cont\u00e9 sota frames o marcs, signes distintius, marques o denominacions socials o comercials d&#8217;una altra persona, empresa o entitat incloent-hi de forma expressa el contingut fotogr\u00e0fic que es considera propietat exclusiva del Titular.<\/p><p class=\"p2\">La infracci\u00f3 de qualsevol dels drets esmentats pot constituir una vulneraci\u00f3 de les presents condicions, aix\u00ed com un delicte castigat d&#8217;acord amb els articles 270 i seg\u00fcents del Codi Penal.<\/p><p class=\"p2\">Aquells usuaris que envi\u00efn al Lloc Web observacions, opinions o comentaris per mitj\u00e0 del servei de correu electr\u00f2nic o per qualsevol altre mitj\u00e0, en els casos en qu\u00e8 sigui possible per la naturalesa dels serveis, s&#8217;ent\u00e9n que autoritzen el Titular per a la reproducci\u00f3, distribuci\u00f3, comunicaci\u00f3 p\u00fablica, transformaci\u00f3, i l&#8217;exercici de qualsevol altre dret d&#8217;explotaci\u00f3, de tals observacions, opinions o comentaris, per tot el temps. Aix\u00ed mateix, s&#8217;ent\u00e9n que aquesta autoritzaci\u00f3 es fa a t\u00edtol gratu\u00eft. <\/p><p class=\"p2\">El Titular adverteix que no podr\u00e0 ser considerat responsable pels comentaris o qualsevol tipus d&#8217;aportaci\u00f3 de tercers que es mostrin al mateix lloc o en espais aliens enlla\u00e7ats, aquests no manifesten en cap cas l&#8217;opini\u00f3 del Titular i queda reservada de manera exclusiva la possibilitat d&#8217;eliminar-los si es consideren no correctes, o que actuen contra els interessos propis o de tercers.<\/p><p class=\"p2\">El Titular no es fa responsable de la utilitzaci\u00f3 que l&#8217;Usuari faci dels Serveis del Lloc Web, aix\u00ed com de qualsevol material que ell mateix inclogui en aquest Lloc Web, que puguin infringir els drets de propietat intel\u00b7lectual o industrial o qualsevol altre dret de tercers.<\/p><p class=\"p2\">13. Jurisdicci\u00f3<\/p><p class=\"p2\">Per a totes les q\u00fcestions que se suscitin sobre la interpretaci\u00f3, l&#8217;aplicaci\u00f3 i el compliment d&#8217;aquest Av\u00eds Legal, aix\u00ed com de les reclamacions que es puguin derivar del seu \u00fas, totes les parts intervinents se sotmeten als jutges i tribunals que corresponguin segons el fur.<\/p>\t\t\t\t\t\t\t\t<\/div>\n\t\t\t\t<\/div>\n\t\t\t\t\t<\/div>\n\t\t\t\t<\/div>\n\t\t\t\t<\/div>\n\t\t","protected":false},"excerpt":{"rendered":"<p>1. Titularitat https:\/\/estadimallorcasonmoix.es\/ \u00e9s un Lloc a Internet propietat del Real Club Esportiu Mallorca S.A.D. amb NIF: A07323736 amb domicili al c\/ Cami dels Reis s\/n. 07011. Palma de Mallorca, Illes Balears. Inscrita al Registre Mercantil de Palma de Mallorca: Tom 920, Foli 114, Full PM-5.583 (d&#8217;ara endavant el Titular). 2. Condicions d&#8217;\u00fas En accedir [&hellip;]<\/p>\n","protected":false},"author":1,"featured_media":0,"parent":0,"menu_order":0,"comment_status":"closed","ping_status":"closed","template":"","meta":{"footnotes":""},"class_list":["post-1301","page","type-page","status-publish","hentry"],"yoast_head":"<!-- This site is optimized with the Yoast SEO Premium plugin v23.6 (Yoast SEO v27.4) - https:\/\/yoast.com\/product\/yoast-seo-premium-wordpress\/ -->\n<title>Av\u00eds legal i condicions d&#039;\u00fas<\/title>\n<meta name=\"description\" content=\"P\u00e0gina Oficial de l&#039;Estadi Mallorca Son Moix\" \/>\n<meta name=\"robots\" content=\"index, follow, max-snippet:-1, max-image-preview:large, max-video-preview:-1\" \/>\n<link rel=\"canonical\" href=\"https:\/\/estadimallorcasonmoix.es\/ca\/avis-legal-i-condicions-dus\/\" \/>\n<meta property=\"og:locale\" content=\"ca_ES\" \/>\n<meta property=\"og:type\" content=\"article\" \/>\n<meta property=\"og:title\" content=\"Av\u00eds legal i condicions d&#039;\u00fas\" \/>\n<meta property=\"og:description\" content=\"P\u00e0gina Oficial de l&#039;Estadi Mallorca Son Moix\" \/>\n<meta property=\"og:url\" content=\"https:\/\/estadimallorcasonmoix.es\/ca\/avis-legal-i-condicions-dus\/\" \/>\n<meta property=\"og:site_name\" content=\"estadimallorcasonmoix.es\" \/>\n<meta property=\"article:modified_time\" content=\"2026-02-24T21:52:39+00:00\" \/>\n<meta property=\"og:image\" content=\"https:\/\/estadimallorcasonmoix.es\/wp-content\/uploads\/2024\/11\/OG.png\" \/>\n\t<meta property=\"og:image:width\" content=\"1200\" \/>\n\t<meta property=\"og:image:height\" content=\"675\" \/>\n\t<meta property=\"og:image:type\" content=\"image\/png\" \/>\n<meta name=\"twitter:card\" content=\"summary_large_image\" \/>\n<meta name=\"twitter:label1\" content=\"Temps estimat de lectura\" \/>\n\t<meta name=\"twitter:data1\" content=\"9 minuts\" \/>\n<script type=\"application\/ld+json\" class=\"yoast-schema-graph\">{\"@context\":\"https:\\\/\\\/schema.org\",\"@graph\":[{\"@type\":\"WebPage\",\"@id\":\"https:\\\/\\\/estadimallorcasonmoix.es\\\/ca\\\/avis-legal-i-condicions-dus\\\/\",\"url\":\"https:\\\/\\\/estadimallorcasonmoix.es\\\/ca\\\/avis-legal-i-condicions-dus\\\/\",\"name\":\"Av\u00eds legal i condicions d'\u00fas\",\"isPartOf\":{\"@id\":\"https:\\\/\\\/estadimallorcasonmoix.es\\\/#website\"},\"datePublished\":\"2024-10-29T09:18:16+00:00\",\"dateModified\":\"2026-02-24T21:52:39+00:00\",\"description\":\"P\u00e0gina Oficial de l'Estadi Mallorca Son Moix\",\"breadcrumb\":{\"@id\":\"https:\\\/\\\/estadimallorcasonmoix.es\\\/ca\\\/avis-legal-i-condicions-dus\\\/#breadcrumb\"},\"inLanguage\":\"ca\",\"potentialAction\":[{\"@type\":\"ReadAction\",\"target\":[\"https:\\\/\\\/estadimallorcasonmoix.es\\\/ca\\\/avis-legal-i-condicions-dus\\\/\"]}]},{\"@type\":\"BreadcrumbList\",\"@id\":\"https:\\\/\\\/estadimallorcasonmoix.es\\\/ca\\\/avis-legal-i-condicions-dus\\\/#breadcrumb\",\"itemListElement\":[{\"@type\":\"ListItem\",\"position\":1,\"name\":\"Home\",\"item\":\"https:\\\/\\\/estadimallorcasonmoix.es\\\/ca\\\/\"},{\"@type\":\"ListItem\",\"position\":2,\"name\":\"Av\u00eds legal i condicions d&#8217;\u00fas\"}]},{\"@type\":\"WebSite\",\"@id\":\"https:\\\/\\\/estadimallorcasonmoix.es\\\/#website\",\"url\":\"https:\\\/\\\/estadimallorcasonmoix.es\\\/\",\"name\":\"estadimallorcasonmoix.es\",\"description\":\"P\u00e0gina Oficial Estadi Mallorca Son Moix\",\"publisher\":{\"@id\":\"https:\\\/\\\/estadimallorcasonmoix.es\\\/#organization\"},\"alternateName\":\"Estadi Mallorca Son Moix\",\"potentialAction\":[{\"@type\":\"SearchAction\",\"target\":{\"@type\":\"EntryPoint\",\"urlTemplate\":\"https:\\\/\\\/estadimallorcasonmoix.es\\\/?s={search_term_string}\"},\"query-input\":{\"@type\":\"PropertyValueSpecification\",\"valueRequired\":true,\"valueName\":\"search_term_string\"}}],\"inLanguage\":\"ca\"},{\"@type\":\"Organization\",\"@id\":\"https:\\\/\\\/estadimallorcasonmoix.es\\\/#organization\",\"name\":\"RCD Mallorca\",\"alternateName\":\"RCD Mallorca\",\"url\":\"https:\\\/\\\/estadimallorcasonmoix.es\\\/\",\"logo\":{\"@type\":\"ImageObject\",\"inLanguage\":\"ca\",\"@id\":\"https:\\\/\\\/estadimallorcasonmoix.es\\\/#\\\/schema\\\/logo\\\/image\\\/\",\"url\":\"https:\\\/\\\/estadimallorcasonmoix.es\\\/wp-content\\\/uploads\\\/2024\\\/10\\\/Logo-Son-Moix.png\",\"contentUrl\":\"https:\\\/\\\/estadimallorcasonmoix.es\\\/wp-content\\\/uploads\\\/2024\\\/10\\\/Logo-Son-Moix.png\",\"width\":490,\"height\":284,\"caption\":\"RCD Mallorca\"},\"image\":{\"@id\":\"https:\\\/\\\/estadimallorcasonmoix.es\\\/#\\\/schema\\\/logo\\\/image\\\/\"}}]}<\/script>\n<!-- \/ Yoast SEO Premium plugin. -->","yoast_head_json":{"title":"Av\u00eds legal i condicions d'\u00fas","description":"P\u00e0gina Oficial de l'Estadi Mallorca Son Moix","robots":{"index":"index","follow":"follow","max-snippet":"max-snippet:-1","max-image-preview":"max-image-preview:large","max-video-preview":"max-video-preview:-1"},"canonical":"https:\/\/estadimallorcasonmoix.es\/ca\/avis-legal-i-condicions-dus\/","og_locale":"ca_ES","og_type":"article","og_title":"Av\u00eds legal i condicions d'\u00fas","og_description":"P\u00e0gina Oficial de l'Estadi Mallorca Son Moix","og_url":"https:\/\/estadimallorcasonmoix.es\/ca\/avis-legal-i-condicions-dus\/","og_site_name":"estadimallorcasonmoix.es","article_modified_time":"2026-02-24T21:52:39+00:00","og_image":[{"width":1200,"height":675,"url":"https:\/\/estadimallorcasonmoix.es\/wp-content\/uploads\/2024\/11\/OG.png","type":"image\/png"}],"twitter_card":"summary_large_image","twitter_misc":{"Temps estimat de lectura":"9 minuts"},"schema":{"@context":"https:\/\/schema.org","@graph":[{"@type":"WebPage","@id":"https:\/\/estadimallorcasonmoix.es\/ca\/avis-legal-i-condicions-dus\/","url":"https:\/\/estadimallorcasonmoix.es\/ca\/avis-legal-i-condicions-dus\/","name":"Av\u00eds legal i condicions d'\u00fas","isPartOf":{"@id":"https:\/\/estadimallorcasonmoix.es\/#website"},"datePublished":"2024-10-29T09:18:16+00:00","dateModified":"2026-02-24T21:52:39+00:00","description":"P\u00e0gina Oficial de l'Estadi Mallorca Son Moix","breadcrumb":{"@id":"https:\/\/estadimallorcasonmoix.es\/ca\/avis-legal-i-condicions-dus\/#breadcrumb"},"inLanguage":"ca","potentialAction":[{"@type":"ReadAction","target":["https:\/\/estadimallorcasonmoix.es\/ca\/avis-legal-i-condicions-dus\/"]}]},{"@type":"BreadcrumbList","@id":"https:\/\/estadimallorcasonmoix.es\/ca\/avis-legal-i-condicions-dus\/#breadcrumb","itemListElement":[{"@type":"ListItem","position":1,"name":"Home","item":"https:\/\/estadimallorcasonmoix.es\/ca\/"},{"@type":"ListItem","position":2,"name":"Av\u00eds legal i condicions d&#8217;\u00fas"}]},{"@type":"WebSite","@id":"https:\/\/estadimallorcasonmoix.es\/#website","url":"https:\/\/estadimallorcasonmoix.es\/","name":"estadimallorcasonmoix.es","description":"P\u00e0gina Oficial Estadi Mallorca Son Moix","publisher":{"@id":"https:\/\/estadimallorcasonmoix.es\/#organization"},"alternateName":"Estadi Mallorca Son Moix","potentialAction":[{"@type":"SearchAction","target":{"@type":"EntryPoint","urlTemplate":"https:\/\/estadimallorcasonmoix.es\/?s={search_term_string}"},"query-input":{"@type":"PropertyValueSpecification","valueRequired":true,"valueName":"search_term_string"}}],"inLanguage":"ca"},{"@type":"Organization","@id":"https:\/\/estadimallorcasonmoix.es\/#organization","name":"RCD Mallorca","alternateName":"RCD Mallorca","url":"https:\/\/estadimallorcasonmoix.es\/","logo":{"@type":"ImageObject","inLanguage":"ca","@id":"https:\/\/estadimallorcasonmoix.es\/#\/schema\/logo\/image\/","url":"https:\/\/estadimallorcasonmoix.es\/wp-content\/uploads\/2024\/10\/Logo-Son-Moix.png","contentUrl":"https:\/\/estadimallorcasonmoix.es\/wp-content\/uploads\/2024\/10\/Logo-Son-Moix.png","width":490,"height":284,"caption":"RCD Mallorca"},"image":{"@id":"https:\/\/estadimallorcasonmoix.es\/#\/schema\/logo\/image\/"}}]}},"_links":{"self":[{"href":"https:\/\/estadimallorcasonmoix.es\/ca\/wp-json\/wp\/v2\/pages\/1301","targetHints":{"allow":["GET"]}}],"collection":[{"href":"https:\/\/estadimallorcasonmoix.es\/ca\/wp-json\/wp\/v2\/pages"}],"about":[{"href":"https:\/\/estadimallorcasonmoix.es\/ca\/wp-json\/wp\/v2\/types\/page"}],"author":[{"embeddable":true,"href":"https:\/\/estadimallorcasonmoix.es\/ca\/wp-json\/wp\/v2\/users\/1"}],"replies":[{"embeddable":true,"href":"https:\/\/estadimallorcasonmoix.es\/ca\/wp-json\/wp\/v2\/comments?post=1301"}],"version-history":[{"count":2,"href":"https:\/\/estadimallorcasonmoix.es\/ca\/wp-json\/wp\/v2\/pages\/1301\/revisions"}],"predecessor-version":[{"id":3712,"href":"https:\/\/estadimallorcasonmoix.es\/ca\/wp-json\/wp\/v2\/pages\/1301\/revisions\/3712"}],"wp:attachment":[{"href":"https:\/\/estadimallorcasonmoix.es\/ca\/wp-json\/wp\/v2\/media?parent=1301"}],"curies":[{"name":"wp","href":"https:\/\/api.w.org\/{rel}","templated":true}]}}